{"id":5640,"date":"2020-03-11T16:21:21","date_gmt":"2020-03-11T16:21:21","guid":{"rendered":"https:\/\/hastalavista.es\/?page_id=5640"},"modified":"2020-03-11T17:48:35","modified_gmt":"2020-03-11T17:48:35","slug":"donde-dormir-en-o-porrino","status":"publish","type":"page","link":"https:\/\/hastalavista.es\/eng\/caminos\/el-camino-portugues\/donde-dormir-en-o-porrino\/","title":{"rendered":"D\u00f3nde dormir en O Porri\u00f1o"},"content":{"rendered":"<div data-elementor-type=\"wp-page\" data-elementor-id=\"5640\" class=\"elementor elementor-5640\">\n\t\t\t\t\t\t<div class=\"elementor-inner\">\n\t\t\t\t<div class=\"elementor-section-wrap\">\n\t\t\t\t\t\t\t\t\t<section class=\"elementor-section elementor-top-section elementor-element elementor-element-23508fe elementor-section-height-min-height elementor-section-boxed elementor-section-height-default elementor-section-items-middle\" data-id=\"23508fe\" data-element_type=\"section\" data-settings=\"{&quot;background_background&quot;:&quot;classic&quot;,&quot;shape_divider_bottom&quot;:&quot;waves&quot;}\">\n\t\t\t\t\t\t\t<div class=\"elementor-background-overlay\"><\/div>\n\t\t\t\t\t\t<div class=\"elementor-shape elementor-shape-bottom\" data-negative=\"false\">\n\t\t\t<svg xmlns=\"http:\/\/www.w3.org\/2000\/svg\" viewbox=\"0 0 1000 100\" preserveaspectratio=\"none\">\n\t<path class=\"elementor-shape-fill\" d=\"M421.9,6.5c22.6-2.5,51.5,0.4,75.5,5.3c23.6,4.9,70.9,23.5,100.5,35.7c75.8,32.2,133.7,44.5,192.6,49.7\tc23.6,2.1,48.7,3.5,103.4-2.5c54.7-6,106.2-25.6,106.2-25.6V0H0v30.3c0,0,72,32.6,158.4,30.5c39.2-0.7,92.8-6.7,134-22.4\tc21.2-8.1,52.2-18.2,79.7-24.2C399.3,7.9,411.6,7.5,421.9,6.5z\"\/>\n<\/svg>\t\t<\/div>\n\t\t\t\t\t<div class=\"elementor-container elementor-column-gap-default\">\n\t\t\t\t\t\t\t<div class=\"elementor-row\">\n\t\t\t\t\t<div class=\"elementor-column elementor-col-100 elementor-top-column elementor-element elementor-element-aa7ed8d\" data-id=\"aa7ed8d\" data-element_type=\"column\">\n\t\t\t<div class=\"elementor-column-wrap elementor-element-populated\">\n\t\t\t\t\t\t\t<div class=\"elementor-widget-wrap\">\n\t\t\t\t\t\t<div class=\"elementor-element elementor-element-adb5004 elementor-align-center elementor-hidden-phone elementor-widget elementor-widget-breadcrumbs\" data-id=\"adb5004\" data-element_type=\"widget\" data-widget_type=\"breadcrumbs.default\">\n\t\t\t\t<div class=\"elementor-widget-container\">\n\t\t\t<p id=\"breadcrumbs\"><span><span><a href=\"https:\/\/hastalavista.es\/\">Inicio<\/a><\/span><\/p>\t\t<\/div>\n\t\t\t\t<\/div>\n\t\t\t\t<div class=\"elementor-element elementor-element-1f88b1e elementor-nav-menu__align-center elementor-nav-menu--dropdown-tablet elementor-nav-menu__text-align-aside elementor-nav-menu--toggle elementor-nav-menu--burger elementor-widget elementor-widget-nav-menu\" data-id=\"1f88b1e\" data-element_type=\"widget\" data-settings=\"{&quot;layout&quot;:&quot;horizontal&quot;,&quot;submenu_icon&quot;:{&quot;value&quot;:&quot;&lt;i class=\\&quot;fas fa-caret-down\\&quot;&gt;&lt;\\\/i&gt;&quot;,&quot;library&quot;:&quot;fa-solid&quot;},&quot;toggle&quot;:&quot;burger&quot;}\" data-widget_type=\"nav-menu.default\">\n\t\t\t\t<div class=\"elementor-widget-container\">\n\t\t\t\t\t\t<nav migration_allowed=\"1\" migrated=\"0\" role=\"navigation\" class=\"elementor-nav-menu--main elementor-nav-menu__container elementor-nav-menu--layout-horizontal e--pointer-background e--animation-fade\">\n\t\t\t\t<ul id=\"menu-1-1f88b1e\" class=\"elementor-nav-menu\"><li class=\"menu-item menu-item-type-post_type menu-item-object-page menu-item-5627\"><a href=\"https:\/\/hastalavista.es\/eng\/caminos\/el-camino-portugues\/donde-dormir-en-tui\/\" class=\"elementor-item\">Tui<\/a><\/li>\n<li class=\"menu-item menu-item-type-post_type menu-item-object-page menu-item-5656\"><a href=\"https:\/\/hastalavista.es\/eng\/caminos\/el-camino-portugues\/donde-dormir-en-o-porrino\/\" class=\"elementor-item\">O Porri\u00f1o<\/a><\/li>\n<li class=\"menu-item menu-item-type-post_type menu-item-object-page menu-item-5669\"><a href=\"https:\/\/hastalavista.es\/eng\/caminos\/el-camino-portugues\/donde-dormir-en-redondela\/\" class=\"elementor-item\">Redondela<\/a><\/li>\n<li class=\"menu-item menu-item-type-post_type menu-item-object-page menu-item-5668\"><a href=\"https:\/\/hastalavista.es\/eng\/caminos\/el-camino-portugues\/donde-dormir-en-pontevedra\/\" class=\"elementor-item\">Pontevedra<\/a><\/li>\n<li class=\"menu-item menu-item-type-post_type menu-item-object-page menu-item-5667\"><a href=\"https:\/\/hastalavista.es\/eng\/caminos\/el-camino-portugues\/donde-dormir-en-caldas-de-reis\/\" class=\"elementor-item\">Caldas de Reis<\/a><\/li>\n<li class=\"menu-item menu-item-type-post_type menu-item-object-page menu-item-5666\"><a href=\"https:\/\/hastalavista.es\/eng\/caminos\/el-camino-portugues\/donde-dormir-en-padron\/\" class=\"elementor-item\">Padr\u00f3n<\/a><\/li>\n<\/ul>\t\t\t<\/nav>\n\t\t\t\t\t<div class=\"elementor-menu-toggle\" role=\"button\" tabindex=\"0\" aria-label=\"Menu Toggle\" aria-expanded=\"false\">\n\t\t\t<i aria-hidden=\"true\" role=\"presentation\" class=\"eicon-menu-bar\"><\/i>\t\t\t<span class=\"elementor-screen-only\">Menu<\/span>\n\t\t<\/div>\n\t\t\t<nav class=\"elementor-nav-menu--dropdown elementor-nav-menu__container\" role=\"navigation\" aria-hidden=\"true\">\n\t\t\t\t<ul id=\"menu-2-1f88b1e\" class=\"elementor-nav-menu\"><li class=\"menu-item menu-item-type-post_type menu-item-object-page menu-item-5627\"><a href=\"https:\/\/hastalavista.es\/eng\/caminos\/el-camino-portugues\/donde-dormir-en-tui\/\" class=\"elementor-item\" tabindex=\"-1\">Tui<\/a><\/li>\n<li class=\"menu-item menu-item-type-post_type menu-item-object-page menu-item-5656\"><a href=\"https:\/\/hastalavista.es\/eng\/caminos\/el-camino-portugues\/donde-dormir-en-o-porrino\/\" class=\"elementor-item\" tabindex=\"-1\">O Porri\u00f1o<\/a><\/li>\n<li class=\"menu-item menu-item-type-post_type menu-item-object-page menu-item-5669\"><a href=\"https:\/\/hastalavista.es\/eng\/caminos\/el-camino-portugues\/donde-dormir-en-redondela\/\" class=\"elementor-item\" tabindex=\"-1\">Redondela<\/a><\/li>\n<li class=\"menu-item menu-item-type-post_type menu-item-object-page menu-item-5668\"><a href=\"https:\/\/hastalavista.es\/eng\/caminos\/el-camino-portugues\/donde-dormir-en-pontevedra\/\" class=\"elementor-item\" tabindex=\"-1\">Pontevedra<\/a><\/li>\n<li class=\"menu-item menu-item-type-post_type menu-item-object-page menu-item-5667\"><a href=\"https:\/\/hastalavista.es\/eng\/caminos\/el-camino-portugues\/donde-dormir-en-caldas-de-reis\/\" class=\"elementor-item\" tabindex=\"-1\">Caldas de Reis<\/a><\/li>\n<li class=\"menu-item menu-item-type-post_type menu-item-object-page menu-item-5666\"><a href=\"https:\/\/hastalavista.es\/eng\/caminos\/el-camino-portugues\/donde-dormir-en-padron\/\" class=\"elementor-item\" tabindex=\"-1\">Padr\u00f3n<\/a><\/li>\n<\/ul>\t\t\t<\/nav>\n\t\t\t\t<\/div>\n\t\t\t\t<\/div>\n\t\t\t\t\t\t<\/div>\n\t\t\t\t\t<\/div>\n\t\t<\/div>\n\t\t\t\t\t\t\t\t<\/div>\n\t\t\t\t\t<\/div>\n\t\t<\/section>\n\t\t\t\t<section class=\"elementor-section elementor-top-section elementor-element elementor-element-32023b42 elementor-section-stretched elementor-section-boxed elementor-section-height-default elementor-section-height-default\" data-id=\"32023b42\" data-element_type=\"section\" data-settings=\"{&quot;stretch_section&quot;:&quot;section-stretched&quot;}\">\n\t\t\t\t\t\t<div class=\"elementor-container elementor-column-gap-default\">\n\t\t\t\t\t\t\t<div class=\"elementor-row\">\n\t\t\t\t\t<div class=\"elementor-column elementor-col-25 elementor-top-column elementor-element elementor-element-38e3264a\" data-id=\"38e3264a\" data-element_type=\"column\">\n\t\t\t<div class=\"elementor-column-wrap elementor-element-populated\">\n\t\t\t\t\t\t\t<div class=\"elementor-widget-wrap\">\n\t\t\t\t\t\t<div class=\"elementor-element elementor-element-5cb53d84 elementor-widget elementor-widget-heading\" data-id=\"5cb53d84\" data-element_type=\"widget\" data-widget_type=\"heading.default\">\n\t\t\t\t<div class=\"elementor-widget-container\">\n\t\t\t<h2 class=\"elementor-heading-title elementor-size-default\">Albergue de Peregrinos<\/h2>\t\t<\/div>\n\t\t\t\t<\/div>\n\t\t\t\t<section class=\"elementor-section elementor-inner-section elementor-element elementor-element-160985fe elementor-section-boxed elementor-section-height-default elementor-section-height-default\" data-id=\"160985fe\" data-element_type=\"section\">\n\t\t\t\t\t\t<div class=\"elementor-container elementor-column-gap-default\">\n\t\t\t\t\t\t\t<div class=\"elementor-row\">\n\t\t\t\t\t<div class=\"elementor-column elementor-col-100 elementor-inner-column elementor-element elementor-element-49f42e6\" data-id=\"49f42e6\" data-element_type=\"column\">\n\t\t\t<div class=\"elementor-column-wrap elementor-element-populated\">\n\t\t\t\t\t\t\t<div class=\"elementor-widget-wrap\">\n\t\t\t\t\t\t<div class=\"elementor-element elementor-element-630ca0b8 elementor-widget elementor-widget-image\" data-id=\"630ca0b8\" data-element_type=\"widget\" data-widget_type=\"image.default\">\n\t\t\t\t<div class=\"elementor-widget-container\">\n\t\t\t\t\t\t\t\t<div class=\"elementor-image\">\n\t\t\t\t\t\t\t\t\t\t\t\t<img width=\"150\" height=\"150\" src=\"https:\/\/hastalavista.es\/wp-content\/uploads\/2020\/01\/albergue_porrino_dormir_porri\u00f1o.jpg\" class=\"attachment-thumbnail size-thumbnail\" alt=\"\" loading=\"lazy\" \/>\t\t\t\t\t\t\t\t\t\t\t\t\t\t<\/div>\n\t\t\t\t\t\t<\/div>\n\t\t\t\t<\/div>\n\t\t\t\t<div class=\"elementor-element elementor-element-2493945e elementor-align-center elementor-icon-list--layout-inline elementor-list-item-link-full_width elementor-widget elementor-widget-icon-list\" data-id=\"2493945e\" data-element_type=\"widget\" data-widget_type=\"icon-list.default\">\n\t\t\t\t<div class=\"elementor-widget-container\">\n\t\t\t\t\t<ul class=\"elementor-icon-list-items elementor-inline-items\">\n\t\t\t\t\t\t\t<li class=\"elementor-icon-list-item elementor-inline-item\">\n\t\t\t\t\t\t\t\t\t\t\t<a href=\"https:\/\/www.google.com\/maps?client=safari&#038;rls=en&#038;q=Albergue+de+Peregrinos+de+O+Porri\u00f1o&#038;oe=UTF-8&#038;um=1&#038;ie=UTF-8&#038;sa=X&#038;ved=2ahUKEwjly53mzoDoAhU8AGMBHWeSC0gQ_AUoAXoECBAQAw\">\n\n\t\t\t\t\t\t\t\t\t\t\t\t<span class=\"elementor-icon-list-icon\">\n\t\t\t\t\t\t\t<i aria-hidden=\"true\" class=\"fas fa-location-arrow\"><\/i>\t\t\t\t\t\t<\/span>\n\t\t\t\t\t\t\t\t\t\t<span class=\"elementor-icon-list-text\">Avda. Buenos Aires, 17, 36400 O Porri\u00f1o, Pontevedra<\/span>\n\t\t\t\t\t\t\t\t\t\t\t<\/a>\n\t\t\t\t\t\t\t\t\t<\/li>\n\t\t\t\t\t\t\t\t<li class=\"elementor-icon-list-item elementor-inline-item\">\n\t\t\t\t\t\t\t\t\t\t\t<span class=\"elementor-icon-list-icon\">\n\t\t\t\t\t\t\t<i aria-hidden=\"true\" class=\"fas fa-phone-alt\"><\/i>\t\t\t\t\t\t<\/span>\n\t\t\t\t\t\t\t\t\t\t<span class=\"elementor-icon-list-text\">986 335 428<\/span>\n\t\t\t\t\t\t\t\t\t<\/li>\n\t\t\t\t\t\t<\/ul>\n\t\t\t\t<\/div>\n\t\t\t\t<\/div>\n\t\t\t\t\t\t<\/div>\n\t\t\t\t\t<\/div>\n\t\t<\/div>\n\t\t\t\t\t\t\t\t<\/div>\n\t\t\t\t\t<\/div>\n\t\t<\/section>\n\t\t\t\t<div class=\"elementor-element elementor-element-5164dd27 elementor-align-center elementor-mobile-align-center elementor-widget elementor-widget-button\" data-id=\"5164dd27\" data-element_type=\"widget\" data-widget_type=\"button.default\">\n\t\t\t\t<div class=\"elementor-widget-container\">\n\t\t\t\t\t<div class=\"elementor-button-wrapper\">\n\t\t\t<a href=\"https:\/\/www.alberguescaminosantiago.com\/camino-portugues\/albergues\/albergue-de-peregrinos-de-la-xunta-de-galicia-o-porrino-pontevedra\/\" target=\"_blank\" class=\"elementor-button-link elementor-button elementor-size-md\" role=\"button\">\n\t\t\t\t\t\t<span class=\"elementor-button-content-wrapper\">\n\t\t\t\t\t\t<span class=\"elementor-button-text\">M\u00e1s info<\/span>\n\t\t<\/span>\n\t\t\t\t\t<\/a>\n\t\t<\/div>\n\t\t\t\t<\/div>\n\t\t\t\t<\/div>\n\t\t\t\t\t\t<\/div>\n\t\t\t\t\t<\/div>\n\t\t<\/div>\n\t\t\t\t<div class=\"elementor-column elementor-col-25 elementor-top-column elementor-element elementor-element-3cc267fd\" data-id=\"3cc267fd\" data-element_type=\"column\">\n\t\t\t<div class=\"elementor-column-wrap elementor-element-populated\">\n\t\t\t\t\t\t\t<div class=\"elementor-widget-wrap\">\n\t\t\t\t\t\t<div class=\"elementor-element elementor-element-38d581b6 elementor-widget elementor-widget-heading\" data-id=\"38d581b6\" data-element_type=\"widget\" data-widget_type=\"heading.default\">\n\t\t\t\t<div class=\"elementor-widget-container\">\n\t\t\t<h2 class=\"elementor-heading-title elementor-size-default\">Alojamiento Camino Portugu\u00e9s<\/h2>\t\t<\/div>\n\t\t\t\t<\/div>\n\t\t\t\t<section class=\"elementor-section elementor-inner-section elementor-element elementor-element-60b2d858 elementor-section-boxed elementor-section-height-default elementor-section-height-default\" data-id=\"60b2d858\" data-element_type=\"section\">\n\t\t\t\t\t\t<div class=\"elementor-container elementor-column-gap-default\">\n\t\t\t\t\t\t\t<div class=\"elementor-row\">\n\t\t\t\t\t<div class=\"elementor-column elementor-col-100 elementor-inner-column elementor-element elementor-element-3d4b4dd9\" data-id=\"3d4b4dd9\" data-element_type=\"column\">\n\t\t\t<div class=\"elementor-column-wrap elementor-element-populated\">\n\t\t\t\t\t\t\t<div class=\"elementor-widget-wrap\">\n\t\t\t\t\t\t<div class=\"elementor-element elementor-element-3daca85 elementor-widget elementor-widget-image\" data-id=\"3daca85\" data-element_type=\"widget\" data-widget_type=\"image.default\">\n\t\t\t\t<div class=\"elementor-widget-container\">\n\t\t\t\t\t\t\t\t<div class=\"elementor-image\">\n\t\t\t\t\t\t\t\t\t\t\t\t<img width=\"150\" height=\"150\" src=\"https:\/\/hastalavista.es\/wp-content\/uploads\/2020\/01\/dormir_porrinho.jpg\" class=\"attachment-thumbnail size-thumbnail\" alt=\"\" loading=\"lazy\" \/>\t\t\t\t\t\t\t\t\t\t\t\t\t\t<\/div>\n\t\t\t\t\t\t<\/div>\n\t\t\t\t<\/div>\n\t\t\t\t<div class=\"elementor-element elementor-element-54fe5797 elementor-align-center elementor-icon-list--layout-inline elementor-list-item-link-full_width elementor-widget elementor-widget-icon-list\" data-id=\"54fe5797\" data-element_type=\"widget\" data-widget_type=\"icon-list.default\">\n\t\t\t\t<div class=\"elementor-widget-container\">\n\t\t\t\t\t<ul class=\"elementor-icon-list-items elementor-inline-items\">\n\t\t\t\t\t\t\t<li class=\"elementor-icon-list-item elementor-inline-item\">\n\t\t\t\t\t\t\t\t\t\t\t<a href=\"https:\/\/www.google.com\/maps?client=safari&#038;rls=en&#038;sxsrf=ALeKk038bS-42_lK_MUi3VnUoUO1XDQmYw:1583318060369&#038;q=alojamiento+camino+portugues+o+porri\u00f1o&#038;um=1&#038;ie=UTF-8&#038;sa=X&#038;ved=2ahUKEwi1yLSe0IDoAhXz6OAKHS8sCLAQ_AUoAXoECA4QAw\">\n\n\t\t\t\t\t\t\t\t\t\t\t\t<span class=\"elementor-icon-list-icon\">\n\t\t\t\t\t\t\t<i aria-hidden=\"true\" class=\"fas fa-location-arrow\"><\/i>\t\t\t\t\t\t<\/span>\n\t\t\t\t\t\t\t\t\t\t<span class=\"elementor-icon-list-text\">Avda. Buenos Aires, 40, 36410 O Porri\u00f1o, Pontevedra<\/span>\n\t\t\t\t\t\t\t\t\t\t\t<\/a>\n\t\t\t\t\t\t\t\t\t<\/li>\n\t\t\t\t\t\t\t\t<li class=\"elementor-icon-list-item elementor-inline-item\">\n\t\t\t\t\t\t\t\t\t\t\t<span class=\"elementor-icon-list-icon\">\n\t\t\t\t\t\t\t<i aria-hidden=\"true\" class=\"fas fa-phone-alt\"><\/i>\t\t\t\t\t\t<\/span>\n\t\t\t\t\t\t\t\t\t\t<span class=\"elementor-icon-list-text\">886 13 32 52<\/span>\n\t\t\t\t\t\t\t\t\t<\/li>\n\t\t\t\t\t\t<\/ul>\n\t\t\t\t<\/div>\n\t\t\t\t<\/div>\n\t\t\t\t<div class=\"elementor-element elementor-element-691fb979 elementor-align-center elementor-mobile-align-center elementor-widget elementor-widget-button\" data-id=\"691fb979\" data-element_type=\"widget\" data-widget_type=\"button.default\">\n\t\t\t\t<div class=\"elementor-widget-container\">\n\t\t\t\t\t<div class=\"elementor-button-wrapper\">\n\t\t\t<a href=\"https:\/\/www.alojamientocaminoportugues.com\" target=\"_blank\" class=\"elementor-button-link elementor-button elementor-size-md\" role=\"button\">\n\t\t\t\t\t\t<span class=\"elementor-button-content-wrapper\">\n\t\t\t\t\t\t<span class=\"elementor-button-text\">M\u00e1s info<\/span>\n\t\t<\/span>\n\t\t\t\t\t<\/a>\n\t\t<\/div>\n\t\t\t\t<\/div>\n\t\t\t\t<\/div>\n\t\t\t\t\t\t<\/div>\n\t\t\t\t\t<\/div>\n\t\t<\/div>\n\t\t\t\t\t\t\t\t<\/div>\n\t\t\t\t\t<\/div>\n\t\t<\/section>\n\t\t\t\t\t\t<\/div>\n\t\t\t\t\t<\/div>\n\t\t<\/div>\n\t\t\t\t<div class=\"elementor-column elementor-col-25 elementor-top-column elementor-element elementor-element-175a9c7c\" data-id=\"175a9c7c\" data-element_type=\"column\">\n\t\t\t<div class=\"elementor-column-wrap elementor-element-populated\">\n\t\t\t\t\t\t\t<div class=\"elementor-widget-wrap\">\n\t\t\t\t\t\t<div class=\"elementor-element elementor-element-6b0f7a12 elementor-widget elementor-widget-heading\" data-id=\"6b0f7a12\" data-element_type=\"widget\" data-widget_type=\"heading.default\">\n\t\t\t\t<div class=\"elementor-widget-container\">\n\t\t\t<h2 class=\"elementor-heading-title elementor-size-default\">Sendasur Albergue<\/h2>\t\t<\/div>\n\t\t\t\t<\/div>\n\t\t\t\t<section class=\"elementor-section elementor-inner-section elementor-element elementor-element-66143452 elementor-section-boxed elementor-section-height-default elementor-section-height-default\" data-id=\"66143452\" data-element_type=\"section\">\n\t\t\t\t\t\t<div class=\"elementor-container elementor-column-gap-default\">\n\t\t\t\t\t\t\t<div class=\"elementor-row\">\n\t\t\t\t\t<div class=\"elementor-column elementor-col-100 elementor-inner-column elementor-element elementor-element-b31e26a\" data-id=\"b31e26a\" data-element_type=\"column\">\n\t\t\t<div class=\"elementor-column-wrap elementor-element-populated\">\n\t\t\t\t\t\t\t<div class=\"elementor-widget-wrap\">\n\t\t\t\t\t\t<div class=\"elementor-element elementor-element-550af3c5 elementor-widget elementor-widget-image\" data-id=\"550af3c5\" data-element_type=\"widget\" data-widget_type=\"image.default\">\n\t\t\t\t<div class=\"elementor-widget-container\">\n\t\t\t\t\t\t\t\t<div class=\"elementor-image\">\n\t\t\t\t\t\t\t\t\t\t\t\t<img width=\"150\" height=\"150\" src=\"https:\/\/hastalavista.es\/wp-content\/uploads\/2020\/01\/sendasur_dormir_porrinho.jpg\" class=\"attachment-thumbnail size-thumbnail\" alt=\"\" loading=\"lazy\" \/>\t\t\t\t\t\t\t\t\t\t\t\t\t\t<\/div>\n\t\t\t\t\t\t<\/div>\n\t\t\t\t<\/div>\n\t\t\t\t<div class=\"elementor-element elementor-element-1fa39f4a elementor-align-center elementor-icon-list--layout-inline elementor-list-item-link-full_width elementor-widget elementor-widget-icon-list\" data-id=\"1fa39f4a\" data-element_type=\"widget\" data-widget_type=\"icon-list.default\">\n\t\t\t\t<div class=\"elementor-widget-container\">\n\t\t\t\t\t<ul class=\"elementor-icon-list-items elementor-inline-items\">\n\t\t\t\t\t\t\t<li class=\"elementor-icon-list-item elementor-inline-item\">\n\t\t\t\t\t\t\t\t\t\t\t<a href=\"https:\/\/www.google.com\/maps?client=safari&#038;rls=en&#038;q=Sendasur+Albergue&#038;oe=UTF-8&#038;um=1&#038;ie=UTF-8&#038;sa=X&#038;ved=2ahUKEwjguoHX0IDoAhUFD2MBHV-bAy0Q_AUoAXoECBEQAw\">\n\n\t\t\t\t\t\t\t\t\t\t\t\t<span class=\"elementor-icon-list-icon\">\n\t\t\t\t\t\t\t<i aria-hidden=\"true\" class=\"fas fa-location-arrow\"><\/i>\t\t\t\t\t\t<\/span>\n\t\t\t\t\t\t\t\t\t\t<span class=\"elementor-icon-list-text\">R\u00faa da Foz, 3, 36400 O Porri\u00f1o, Pontevedra<\/span>\n\t\t\t\t\t\t\t\t\t\t\t<\/a>\n\t\t\t\t\t\t\t\t\t<\/li>\n\t\t\t\t\t\t\t\t<li class=\"elementor-icon-list-item elementor-inline-item\">\n\t\t\t\t\t\t\t\t\t\t\t<span class=\"elementor-icon-list-icon\">\n\t\t\t\t\t\t\t<i aria-hidden=\"true\" class=\"fas fa-phone-alt\"><\/i>\t\t\t\t\t\t<\/span>\n\t\t\t\t\t\t\t\t\t\t<span class=\"elementor-icon-list-text\">886 12 95 69<\/span>\n\t\t\t\t\t\t\t\t\t<\/li>\n\t\t\t\t\t\t<\/ul>\n\t\t\t\t<\/div>\n\t\t\t\t<\/div>\n\t\t\t\t<div class=\"elementor-element elementor-element-1c860294 elementor-align-center elementor-mobile-align-center elementor-widget elementor-widget-button\" data-id=\"1c860294\" data-element_type=\"widget\" data-widget_type=\"button.default\">\n\t\t\t\t<div class=\"elementor-widget-container\">\n\t\t\t\t\t<div class=\"elementor-button-wrapper\">\n\t\t\t<a href=\"http:\/\/sendasur.es\" target=\"_blank\" class=\"elementor-button-link elementor-button elementor-size-md\" role=\"button\">\n\t\t\t\t\t\t<span class=\"elementor-button-content-wrapper\">\n\t\t\t\t\t\t<span class=\"elementor-button-text\">M\u00e1s info<\/span>\n\t\t<\/span>\n\t\t\t\t\t<\/a>\n\t\t<\/div>\n\t\t\t\t<\/div>\n\t\t\t\t<\/div>\n\t\t\t\t\t\t<\/div>\n\t\t\t\t\t<\/div>\n\t\t<\/div>\n\t\t\t\t\t\t\t\t<\/div>\n\t\t\t\t\t<\/div>\n\t\t<\/section>\n\t\t\t\t\t\t<\/div>\n\t\t\t\t\t<\/div>\n\t\t<\/div>\n\t\t\t\t<div class=\"elementor-column elementor-col-25 elementor-top-column elementor-element elementor-element-10592607\" data-id=\"10592607\" data-element_type=\"column\">\n\t\t\t<div class=\"elementor-column-wrap elementor-element-populated\">\n\t\t\t\t\t\t\t<div class=\"elementor-widget-wrap\">\n\t\t\t\t\t\t<div class=\"elementor-element elementor-element-2b24a49b elementor-widget elementor-widget-heading\" data-id=\"2b24a49b\" data-element_type=\"widget\" data-widget_type=\"heading.default\">\n\t\t\t\t<div class=\"elementor-widget-container\">\n\t\t\t<h2 class=\"elementor-heading-title elementor-size-default\">Albergue Camino Santiago Porri\u00f1o<\/h2>\t\t<\/div>\n\t\t\t\t<\/div>\n\t\t\t\t<section class=\"elementor-section elementor-inner-section elementor-element elementor-element-544c0413 elementor-section-boxed elementor-section-height-default elementor-section-height-default\" data-id=\"544c0413\" data-element_type=\"section\">\n\t\t\t\t\t\t<div class=\"elementor-container elementor-column-gap-default\">\n\t\t\t\t\t\t\t<div class=\"elementor-row\">\n\t\t\t\t\t<div class=\"elementor-column elementor-col-100 elementor-inner-column elementor-element elementor-element-10bb674f\" data-id=\"10bb674f\" data-element_type=\"column\">\n\t\t\t<div class=\"elementor-column-wrap elementor-element-populated\">\n\t\t\t\t\t\t\t<div class=\"elementor-widget-wrap\">\n\t\t\t\t\t\t<div class=\"elementor-element elementor-element-4d39449a elementor-widget elementor-widget-image\" data-id=\"4d39449a\" data-element_type=\"widget\" data-widget_type=\"image.default\">\n\t\t\t\t<div class=\"elementor-widget-container\">\n\t\t\t\t\t\t\t\t<div class=\"elementor-image\">\n\t\t\t\t\t\t\t\t\t\t\t\t<img width=\"150\" height=\"150\" src=\"https:\/\/hastalavista.es\/wp-content\/uploads\/2020\/01\/dormir_porrinho-1.jpg\" class=\"attachment-thumbnail size-thumbnail\" alt=\"\" loading=\"lazy\" \/>\t\t\t\t\t\t\t\t\t\t\t\t\t\t<\/div>\n\t\t\t\t\t\t<\/div>\n\t\t\t\t<\/div>\n\t\t\t\t<div class=\"elementor-element elementor-element-73850507 elementor-align-center elementor-icon-list--layout-inline elementor-list-item-link-full_width elementor-widget elementor-widget-icon-list\" data-id=\"73850507\" data-element_type=\"widget\" data-widget_type=\"icon-list.default\">\n\t\t\t\t<div class=\"elementor-widget-container\">\n\t\t\t\t\t<ul class=\"elementor-icon-list-items elementor-inline-items\">\n\t\t\t\t\t\t\t<li class=\"elementor-icon-list-item elementor-inline-item\">\n\t\t\t\t\t\t\t\t\t\t\t<a href=\"https:\/\/www.google.com\/maps?client=safari&#038;rls=en&#038;q=Albergue+Camino+Santiago+Porri\u00f1o&#038;oe=UTF-8&#038;um=1&#038;ie=UTF-8&#038;sa=X&#038;ved=2ahUKEwi9suGt0YDoAhWLoBQKHVZABkkQ_AUoAnoECBAQBA\">\n\n\t\t\t\t\t\t\t\t\t\t\t\t<span class=\"elementor-icon-list-icon\">\n\t\t\t\t\t\t\t<i aria-hidden=\"true\" class=\"fas fa-location-arrow\"><\/i>\t\t\t\t\t\t<\/span>\n\t\t\t\t\t\t\t\t\t\t<span class=\"elementor-icon-list-text\">R\u00faa Servando Ramilo, 17, 36400 O Porri\u00f1o, Pontevedra<\/span>\n\t\t\t\t\t\t\t\t\t\t\t<\/a>\n\t\t\t\t\t\t\t\t\t<\/li>\n\t\t\t\t\t\t\t\t<li class=\"elementor-icon-list-item elementor-inline-item\">\n\t\t\t\t\t\t\t\t\t\t\t<span class=\"elementor-icon-list-icon\">\n\t\t\t\t\t\t\t<i aria-hidden=\"true\" class=\"fas fa-phone-alt\"><\/i>\t\t\t\t\t\t<\/span>\n\t\t\t\t\t\t\t\t\t\t<span class=\"elementor-icon-list-text\">623 16 12 67<\/span>\n\t\t\t\t\t\t\t\t\t<\/li>\n\t\t\t\t\t\t<\/ul>\n\t\t\t\t<\/div>\n\t\t\t\t<\/div>\n\t\t\t\t<div class=\"elementor-element elementor-element-5f794aff elementor-align-center elementor-mobile-align-center elementor-widget elementor-widget-button\" data-id=\"5f794aff\" data-element_type=\"widget\" data-widget_type=\"button.default\">\n\t\t\t\t<div class=\"elementor-widget-container\">\n\t\t\t\t\t<div class=\"elementor-button-wrapper\">\n\t\t\t<a href=\"https:\/\/www.alberguescaminosantiago.com\/camino-portugues\/albergues\/albergue-de-peregrinos-de-la-xunta-de-galicia-o-porrino-pontevedra\/\" target=\"_blank\" class=\"elementor-button-link elementor-button elementor-size-md\" role=\"button\">\n\t\t\t\t\t\t<span class=\"elementor-button-content-wrapper\">\n\t\t\t\t\t\t<span class=\"elementor-button-text\">M\u00e1s info<\/span>\n\t\t<\/span>\n\t\t\t\t\t<\/a>\n\t\t<\/div>\n\t\t\t\t<\/div>\n\t\t\t\t<\/div>\n\t\t\t\t\t\t<\/div>\n\t\t\t\t\t<\/div>\n\t\t<\/div>\n\t\t\t\t\t\t\t\t<\/div>\n\t\t\t\t\t<\/div>\n\t\t<\/section>\n\t\t\t\t\t\t<\/div>\n\t\t\t\t\t<\/div>\n\t\t<\/div>\n\t\t\t\t\t\t\t\t<\/div>\n\t\t\t\t\t<\/div>\n\t\t<\/section>\n\t\t\t\t<section class=\"elementor-section elementor-top-section elementor-element elementor-element-5df2490d elementor-section-stretched elementor-section-boxed elementor-section-height-default elementor-section-height-default\" data-id=\"5df2490d\" data-element_type=\"section\" data-settings=\"{&quot;stretch_section&quot;:&quot;section-stretched&quot;}\">\n\t\t\t\t\t\t<div class=\"elementor-container elementor-column-gap-default\">\n\t\t\t\t\t\t\t<div class=\"elementor-row\">\n\t\t\t\t\t<div class=\"elementor-column elementor-col-25 elementor-top-column elementor-element elementor-element-24a3356\" data-id=\"24a3356\" data-element_type=\"column\">\n\t\t\t<div class=\"elementor-column-wrap elementor-element-populated\">\n\t\t\t\t\t\t\t<div class=\"elementor-widget-wrap\">\n\t\t\t\t\t\t<div class=\"elementor-element elementor-element-af37f67 elementor-widget elementor-widget-heading\" data-id=\"af37f67\" data-element_type=\"widget\" data-widget_type=\"heading.default\">\n\t\t\t\t<div class=\"elementor-widget-container\">\n\t\t\t<h2 class=\"elementor-heading-title elementor-size-default\">Hostal Louro<\/h2>\t\t<\/div>\n\t\t\t\t<\/div>\n\t\t\t\t<section class=\"elementor-section elementor-inner-section elementor-element elementor-element-8eeb08c elementor-section-boxed elementor-section-height-default elementor-section-height-default\" data-id=\"8eeb08c\" data-element_type=\"section\">\n\t\t\t\t\t\t<div class=\"elementor-container elementor-column-gap-default\">\n\t\t\t\t\t\t\t<div class=\"elementor-row\">\n\t\t\t\t\t<div class=\"elementor-column elementor-col-100 elementor-inner-column elementor-element elementor-element-6cf55511\" data-id=\"6cf55511\" data-element_type=\"column\">\n\t\t\t<div class=\"elementor-column-wrap elementor-element-populated\">\n\t\t\t\t\t\t\t<div class=\"elementor-widget-wrap\">\n\t\t\t\t\t\t<div class=\"elementor-element elementor-element-36142d1e elementor-widget elementor-widget-image\" data-id=\"36142d1e\" data-element_type=\"widget\" data-widget_type=\"image.default\">\n\t\t\t\t<div class=\"elementor-widget-container\">\n\t\t\t\t\t\t\t\t<div class=\"elementor-image\">\n\t\t\t\t\t\t\t\t\t\t\t\t<img width=\"150\" height=\"150\" src=\"https:\/\/hastalavista.es\/wp-content\/uploads\/2020\/01\/louro_hostal_dormir_porrinho.jpg\" class=\"attachment-thumbnail size-thumbnail\" alt=\"\" loading=\"lazy\" \/>\t\t\t\t\t\t\t\t\t\t\t\t\t\t<\/div>\n\t\t\t\t\t\t<\/div>\n\t\t\t\t<\/div>\n\t\t\t\t<div class=\"elementor-element elementor-element-282c8280 elementor-align-center elementor-icon-list--layout-inline elementor-list-item-link-full_width elementor-widget elementor-widget-icon-list\" data-id=\"282c8280\" data-element_type=\"widget\" data-widget_type=\"icon-list.default\">\n\t\t\t\t<div class=\"elementor-widget-container\">\n\t\t\t\t\t<ul class=\"elementor-icon-list-items elementor-inline-items\">\n\t\t\t\t\t\t\t<li class=\"elementor-icon-list-item elementor-inline-item\">\n\t\t\t\t\t\t\t\t\t\t\t<a href=\"https:\/\/www.google.com\/maps?client=safari&#038;rls=en&#038;q=Hostal+Louro&#038;oe=UTF-8&#038;um=1&#038;ie=UTF-8&#038;sa=X&#038;ved=2ahUKEwi46aGI0oDoAhUQCWMBHXcWAOMQ_AUoAXoECBEQAw\">\n\n\t\t\t\t\t\t\t\t\t\t\t\t<span class=\"elementor-icon-list-icon\">\n\t\t\t\t\t\t\t<i aria-hidden=\"true\" class=\"fas fa-location-arrow\"><\/i>\t\t\t\t\t\t<\/span>\n\t\t\t\t\t\t\t\t\t\t<span class=\"elementor-icon-list-text\">Av. Buenos Aires, 6, 36400 O Porri\u00f1o, Pontevedra<\/span>\n\t\t\t\t\t\t\t\t\t\t\t<\/a>\n\t\t\t\t\t\t\t\t\t<\/li>\n\t\t\t\t\t\t\t\t<li class=\"elementor-icon-list-item elementor-inline-item\">\n\t\t\t\t\t\t\t\t\t\t\t<span class=\"elementor-icon-list-icon\">\n\t\t\t\t\t\t\t<i aria-hidden=\"true\" class=\"fas fa-phone-alt\"><\/i>\t\t\t\t\t\t<\/span>\n\t\t\t\t\t\t\t\t\t\t<span class=\"elementor-icon-list-text\">986 11 29 41<\/span>\n\t\t\t\t\t\t\t\t\t<\/li>\n\t\t\t\t\t\t<\/ul>\n\t\t\t\t<\/div>\n\t\t\t\t<\/div>\n\t\t\t\t\t\t<\/div>\n\t\t\t\t\t<\/div>\n\t\t<\/div>\n\t\t\t\t\t\t\t\t<\/div>\n\t\t\t\t\t<\/div>\n\t\t<\/section>\n\t\t\t\t<div class=\"elementor-element elementor-element-25e9d141 elementor-align-center elementor-mobile-align-center elementor-widget elementor-widget-button\" data-id=\"25e9d141\" data-element_type=\"widget\" data-widget_type=\"button.default\">\n\t\t\t\t<div class=\"elementor-widget-container\">\n\t\t\t\t\t<div class=\"elementor-button-wrapper\">\n\t\t\t<a href=\"https:\/\/hostallouro.com.es\/es\/\" target=\"_blank\" class=\"elementor-button-link elementor-button elementor-size-md\" role=\"button\">\n\t\t\t\t\t\t<span class=\"elementor-button-content-wrapper\">\n\t\t\t\t\t\t<span class=\"elementor-button-text\">M\u00e1s info<\/span>\n\t\t<\/span>\n\t\t\t\t\t<\/a>\n\t\t<\/div>\n\t\t\t\t<\/div>\n\t\t\t\t<\/div>\n\t\t\t\t\t\t<\/div>\n\t\t\t\t\t<\/div>\n\t\t<\/div>\n\t\t\t\t<div class=\"elementor-column elementor-col-25 elementor-top-column elementor-element elementor-element-267dc4e9\" data-id=\"267dc4e9\" data-element_type=\"column\">\n\t\t\t<div class=\"elementor-column-wrap elementor-element-populated\">\n\t\t\t\t\t\t\t<div class=\"elementor-widget-wrap\">\n\t\t\t\t\t\t<div class=\"elementor-element elementor-element-f4dc78b elementor-widget elementor-widget-heading\" data-id=\"f4dc78b\" data-element_type=\"widget\" data-widget_type=\"heading.default\">\n\t\t\t\t<div class=\"elementor-widget-container\">\n\t\t\t<h2 class=\"elementor-heading-title elementor-size-default\">Hostal Expo<\/h2>\t\t<\/div>\n\t\t\t\t<\/div>\n\t\t\t\t<section class=\"elementor-section elementor-inner-section elementor-element elementor-element-2a2183e3 elementor-section-boxed elementor-section-height-default elementor-section-height-default\" data-id=\"2a2183e3\" data-element_type=\"section\">\n\t\t\t\t\t\t<div class=\"elementor-container elementor-column-gap-default\">\n\t\t\t\t\t\t\t<div class=\"elementor-row\">\n\t\t\t\t\t<div class=\"elementor-column elementor-col-100 elementor-inner-column elementor-element elementor-element-12fcd5e4\" data-id=\"12fcd5e4\" data-element_type=\"column\">\n\t\t\t<div class=\"elementor-column-wrap elementor-element-populated\">\n\t\t\t\t\t\t\t<div class=\"elementor-widget-wrap\">\n\t\t\t\t\t\t<div class=\"elementor-element elementor-element-b7aa88f elementor-widget elementor-widget-image\" data-id=\"b7aa88f\" data-element_type=\"widget\" data-widget_type=\"image.default\">\n\t\t\t\t<div class=\"elementor-widget-container\">\n\t\t\t\t\t\t\t\t<div class=\"elementor-image\">\n\t\t\t\t\t\t\t\t\t\t\t\t<img width=\"150\" height=\"150\" src=\"https:\/\/hastalavista.es\/wp-content\/uploads\/2020\/01\/dormir_porrinho.jpg\" class=\"attachment-thumbnail size-thumbnail\" alt=\"\" loading=\"lazy\" \/>\t\t\t\t\t\t\t\t\t\t\t\t\t\t<\/div>\n\t\t\t\t\t\t<\/div>\n\t\t\t\t<\/div>\n\t\t\t\t<div class=\"elementor-element elementor-element-45897d59 elementor-align-center elementor-icon-list--layout-inline elementor-list-item-link-full_width elementor-widget elementor-widget-icon-list\" data-id=\"45897d59\" data-element_type=\"widget\" data-widget_type=\"icon-list.default\">\n\t\t\t\t<div class=\"elementor-widget-container\">\n\t\t\t\t\t<ul class=\"elementor-icon-list-items elementor-inline-items\">\n\t\t\t\t\t\t\t<li class=\"elementor-icon-list-item elementor-inline-item\">\n\t\t\t\t\t\t\t\t\t\t\t<a href=\"https:\/\/www.google.com\/maps?client=safari&#038;rls=en&#038;q=Hostal+Expo+porri\u00f1o&#038;oe=UTF-8&#038;um=1&#038;ie=UTF-8&#038;sa=X&#038;ved=2ahUKEwilmsbc0oDoAhWlBWMBHd1MDrAQ_AUoAXoECA8QAw\">\n\n\t\t\t\t\t\t\t\t\t\t\t\t<span class=\"elementor-icon-list-icon\">\n\t\t\t\t\t\t\t<i aria-hidden=\"true\" class=\"fas fa-location-arrow\"><\/i>\t\t\t\t\t\t<\/span>\n\t\t\t\t\t\t\t\t\t\t<span class=\"elementor-icon-list-text\">Carretera da Igrexa, s\/n, 36412 O Porri\u00f1o, Pontevedra<\/span>\n\t\t\t\t\t\t\t\t\t\t\t<\/a>\n\t\t\t\t\t\t\t\t\t<\/li>\n\t\t\t\t\t\t\t\t<li class=\"elementor-icon-list-item elementor-inline-item\">\n\t\t\t\t\t\t\t\t\t\t\t<span class=\"elementor-icon-list-icon\">\n\t\t\t\t\t\t\t<i aria-hidden=\"true\" class=\"fas fa-phone-alt\"><\/i>\t\t\t\t\t\t<\/span>\n\t\t\t\t\t\t\t\t\t\t<span class=\"elementor-icon-list-text\">986 33 79 27<\/span>\n\t\t\t\t\t\t\t\t\t<\/li>\n\t\t\t\t\t\t<\/ul>\n\t\t\t\t<\/div>\n\t\t\t\t<\/div>\n\t\t\t\t<div class=\"elementor-element elementor-element-70eb6560 elementor-align-center elementor-mobile-align-center elementor-widget elementor-widget-button\" data-id=\"70eb6560\" data-element_type=\"widget\" data-widget_type=\"button.default\">\n\t\t\t\t<div class=\"elementor-widget-container\">\n\t\t\t\t\t<div class=\"elementor-button-wrapper\">\n\t\t\t<a href=\"https:\/\/www.google.com\/travel\/hotels\/Porri\u00f1o\/entity\/CgoIiLjEq-OA4bN1EAEaX0FQSTBvZjZnTkZaMHpsdWR5ZzZwRnZwTGxLZUtQTklZLXlNYVVYSmRXb2wwa3BaMVczUzg0SjRFOUotTlhsaFhlaTJaZDJxUWNfZVZjZGZORFUtVVJwUVhQa2FLaHNZ?g2lb=2502548%2C4258168%2C4260007%2C4270442%2C4274032%2C4291318%2C4305595%2C4306835%2C4308216%2C4314846%2C4317915%2C4326762%2C4328159%2C4329288%2C4330113%2C4341278%2C4347918%2C4356224%2C4360586%2C4270859%2C4284970%2C4291517%2C4316256&#038;hl=es&#038;gl=es&#038;un=1&#038;q=albergues%20en%20porri\u00f1o&#038;rp=EPSmtdzB06nLxAEQrNiqsrmXm426ARD7ut-O9ZeO6QoQm8D8oNjC0JxCOAJAAEgC&#038;ictx=1&#038;sa=X&#038;hrf=CgQIbhAAIgNFVVIqFgoHCOQPEAMYBRIHCOQPEAMYBhgBKACwAQBYAWgBigEoChIJqwHkK28URUARDKeZ6ZxAIcASEgnAqFvDIxVFQBEMp5mpwT0hwJoBChIIUG9ycmnDsW-iARUKCS9tLzA5azVyNhIIUG9ycmnDsW-SAQIgAQ&#038;ap=KigKEgmrAeQrbxRFQBEMp5npnEAhwBISCcCoW8MjFUVAEQynmanBPSHAMAJaVAoECG4QACIDRVVSKhYKBwjkDxADGAUSBwjkDxADGAYYASgAsAEAWAFoAZoBChIIUG9ycmnDsW-iARUKCS9tLzA5azVyNhIIUG9ycmnDsW-SAQIgAQ\" target=\"_blank\" class=\"elementor-button-link elementor-button elementor-size-md\" role=\"button\">\n\t\t\t\t\t\t<span class=\"elementor-button-content-wrapper\">\n\t\t\t\t\t\t<span class=\"elementor-button-text\">M\u00e1s info<\/span>\n\t\t<\/span>\n\t\t\t\t\t<\/a>\n\t\t<\/div>\n\t\t\t\t<\/div>\n\t\t\t\t<\/div>\n\t\t\t\t\t\t<\/div>\n\t\t\t\t\t<\/div>\n\t\t<\/div>\n\t\t\t\t\t\t\t\t<\/div>\n\t\t\t\t\t<\/div>\n\t\t<\/section>\n\t\t\t\t\t\t<\/div>\n\t\t\t\t\t<\/div>\n\t\t<\/div>\n\t\t\t\t<div class=\"elementor-column elementor-col-25 elementor-top-column elementor-element elementor-element-11b1f209\" data-id=\"11b1f209\" data-element_type=\"column\">\n\t\t\t<div class=\"elementor-column-wrap elementor-element-populated\">\n\t\t\t\t\t\t\t<div class=\"elementor-widget-wrap\">\n\t\t\t\t\t\t<div class=\"elementor-element elementor-element-4d512829 elementor-widget elementor-widget-heading\" data-id=\"4d512829\" data-element_type=\"widget\" data-widget_type=\"heading.default\">\n\t\t\t\t<div class=\"elementor-widget-container\">\n\t\t\t<h2 class=\"elementor-heading-title elementor-size-default\">HOTEL INTERNACIONAL<\/h2>\t\t<\/div>\n\t\t\t\t<\/div>\n\t\t\t\t<section class=\"elementor-section elementor-inner-section elementor-element elementor-element-14c0090c elementor-section-boxed elementor-section-height-default elementor-section-height-default\" data-id=\"14c0090c\" data-element_type=\"section\">\n\t\t\t\t\t\t<div class=\"elementor-container elementor-column-gap-default\">\n\t\t\t\t\t\t\t<div class=\"elementor-row\">\n\t\t\t\t\t<div class=\"elementor-column elementor-col-100 elementor-inner-column elementor-element elementor-element-2a3027f6\" data-id=\"2a3027f6\" data-element_type=\"column\">\n\t\t\t<div class=\"elementor-column-wrap elementor-element-populated\">\n\t\t\t\t\t\t\t<div class=\"elementor-widget-wrap\">\n\t\t\t\t\t\t<div class=\"elementor-element elementor-element-1079ec9c elementor-widget elementor-widget-image\" data-id=\"1079ec9c\" data-element_type=\"widget\" data-widget_type=\"image.default\">\n\t\t\t\t<div class=\"elementor-widget-container\">\n\t\t\t\t\t\t\t\t<div class=\"elementor-image\">\n\t\t\t\t\t\t\t\t\t\t\t\t<img width=\"150\" height=\"150\" src=\"https:\/\/hastalavista.es\/wp-content\/uploads\/2020\/01\/hotel_internacional_dormir_porrinho.jpg\" class=\"attachment-thumbnail size-thumbnail\" alt=\"\" loading=\"lazy\" \/>\t\t\t\t\t\t\t\t\t\t\t\t\t\t<\/div>\n\t\t\t\t\t\t<\/div>\n\t\t\t\t<\/div>\n\t\t\t\t<div class=\"elementor-element elementor-element-2d54952c elementor-align-center elementor-icon-list--layout-inline elementor-list-item-link-full_width elementor-widget elementor-widget-icon-list\" data-id=\"2d54952c\" data-element_type=\"widget\" data-widget_type=\"icon-list.default\">\n\t\t\t\t<div class=\"elementor-widget-container\">\n\t\t\t\t\t<ul class=\"elementor-icon-list-items elementor-inline-items\">\n\t\t\t\t\t\t\t<li class=\"elementor-icon-list-item elementor-inline-item\">\n\t\t\t\t\t\t\t\t\t\t\t<a href=\"https:\/\/www.google.com\/maps\/place\/HOTEL+INTERNACIONAL\/@42.1601104,-8.6147126,17z\/data=!3m1!4b1!4m8!3m7!1s0xd2586882f74d0bd:0xb07b87a67c0cdb38!5m2!4m1!1i2!8m2!3d42.1601104!4d-8.6125239\">\n\n\t\t\t\t\t\t\t\t\t\t\t\t<span class=\"elementor-icon-list-icon\">\n\t\t\t\t\t\t\t<i aria-hidden=\"true\" class=\"fas fa-location-arrow\"><\/i>\t\t\t\t\t\t<\/span>\n\t\t\t\t\t\t\t\t\t\t<span class=\"elementor-icon-list-text\">R\u00faa Antonio Palacios, 99, 36400 O Porri\u00f1o, Pontevedra<\/span>\n\t\t\t\t\t\t\t\t\t\t\t<\/a>\n\t\t\t\t\t\t\t\t\t<\/li>\n\t\t\t\t\t\t\t\t<li class=\"elementor-icon-list-item elementor-inline-item\">\n\t\t\t\t\t\t\t\t\t\t\t<span class=\"elementor-icon-list-icon\">\n\t\t\t\t\t\t\t<i aria-hidden=\"true\" class=\"fas fa-phone-alt\"><\/i>\t\t\t\t\t\t<\/span>\n\t\t\t\t\t\t\t\t\t\t<span class=\"elementor-icon-list-text\">986 33 02 62<\/span>\n\t\t\t\t\t\t\t\t\t<\/li>\n\t\t\t\t\t\t<\/ul>\n\t\t\t\t<\/div>\n\t\t\t\t<\/div>\n\t\t\t\t<div class=\"elementor-element elementor-element-c32a455 elementor-align-center elementor-mobile-align-center elementor-widget elementor-widget-button\" data-id=\"c32a455\" data-element_type=\"widget\" data-widget_type=\"button.default\">\n\t\t\t\t<div class=\"elementor-widget-container\">\n\t\t\t\t\t<div class=\"elementor-button-wrapper\">\n\t\t\t<a href=\"https:\/\/www.hotelinternacionalsl.es\" target=\"_blank\" class=\"elementor-button-link elementor-button elementor-size-md\" role=\"button\">\n\t\t\t\t\t\t<span class=\"elementor-button-content-wrapper\">\n\t\t\t\t\t\t<span class=\"elementor-button-text\">M\u00e1s info<\/span>\n\t\t<\/span>\n\t\t\t\t\t<\/a>\n\t\t<\/div>\n\t\t\t\t<\/div>\n\t\t\t\t<\/div>\n\t\t\t\t\t\t<\/div>\n\t\t\t\t\t<\/div>\n\t\t<\/div>\n\t\t\t\t\t\t\t\t<\/div>\n\t\t\t\t\t<\/div>\n\t\t<\/section>\n\t\t\t\t\t\t<\/div>\n\t\t\t\t\t<\/div>\n\t\t<\/div>\n\t\t\t\t<div class=\"elementor-column elementor-col-25 elementor-top-column elementor-element elementor-element-50ab94c9\" data-id=\"50ab94c9\" data-element_type=\"column\">\n\t\t\t<div class=\"elementor-column-wrap elementor-element-populated\">\n\t\t\t\t\t\t\t<div class=\"elementor-widget-wrap\">\n\t\t\t\t\t\t<div class=\"elementor-element elementor-element-19ad4e1f elementor-widget elementor-widget-heading\" data-id=\"19ad4e1f\" data-element_type=\"widget\" data-widget_type=\"heading.default\">\n\t\t\t\t<div class=\"elementor-widget-container\">\n\t\t\t<h2 class=\"elementor-heading-title elementor-size-default\">Hotel Azul<\/h2>\t\t<\/div>\n\t\t\t\t<\/div>\n\t\t\t\t<section class=\"elementor-section elementor-inner-section elementor-element elementor-element-79121515 elementor-section-boxed elementor-section-height-default elementor-section-height-default\" data-id=\"79121515\" data-element_type=\"section\">\n\t\t\t\t\t\t<div class=\"elementor-container elementor-column-gap-default\">\n\t\t\t\t\t\t\t<div class=\"elementor-row\">\n\t\t\t\t\t<div class=\"elementor-column elementor-col-100 elementor-inner-column elementor-element elementor-element-7c8b9177\" data-id=\"7c8b9177\" data-element_type=\"column\">\n\t\t\t<div class=\"elementor-column-wrap elementor-element-populated\">\n\t\t\t\t\t\t\t<div class=\"elementor-widget-wrap\">\n\t\t\t\t\t\t<div class=\"elementor-element elementor-element-762ef9b1 elementor-widget elementor-widget-image\" data-id=\"762ef9b1\" data-element_type=\"widget\" data-widget_type=\"image.default\">\n\t\t\t\t<div class=\"elementor-widget-container\">\n\t\t\t\t\t\t\t\t<div class=\"elementor-image\">\n\t\t\t\t\t\t\t\t\t\t\t\t<img width=\"150\" height=\"150\" src=\"https:\/\/hastalavista.es\/wp-content\/uploads\/2020\/01\/hotel_azul_dormir_porrinho.jpg\" class=\"attachment-thumbnail size-thumbnail\" alt=\"\" loading=\"lazy\" \/>\t\t\t\t\t\t\t\t\t\t\t\t\t\t<\/div>\n\t\t\t\t\t\t<\/div>\n\t\t\t\t<\/div>\n\t\t\t\t<div class=\"elementor-element elementor-element-34c5867f elementor-align-center elementor-icon-list--layout-inline elementor-list-item-link-full_width elementor-widget elementor-widget-icon-list\" data-id=\"34c5867f\" data-element_type=\"widget\" data-widget_type=\"icon-list.default\">\n\t\t\t\t<div class=\"elementor-widget-container\">\n\t\t\t\t\t<ul class=\"elementor-icon-list-items elementor-inline-items\">\n\t\t\t\t\t\t\t<li class=\"elementor-icon-list-item elementor-inline-item\">\n\t\t\t\t\t\t\t\t\t\t\t<a href=\"https:\/\/www.google.com\/maps?client=safari&#038;rls=en&#038;sxsrf=ALeKk01f7v-mAatdtKCqvYDS9xGJsh7QSQ:1583319418333&#038;q=hotel+azul+porri\u00f1o&#038;um=1&#038;ie=UTF-8&#038;sa=X&#038;ved=2ahUKEwjBrtm91IDoAhXJDmMBHcm8C3sQ_AUoAXoECBAQAw\">\n\n\t\t\t\t\t\t\t\t\t\t\t\t<span class=\"elementor-icon-list-icon\">\n\t\t\t\t\t\t\t<i aria-hidden=\"true\" class=\"fas fa-location-arrow\"><\/i>\t\t\t\t\t\t<\/span>\n\t\t\t\t\t\t\t\t\t\t<span class=\"elementor-icon-list-text\">R\u00faa Ramiranes, 38, 36400 O Porri\u00f1o, Pontevedra<\/span>\n\t\t\t\t\t\t\t\t\t\t\t<\/a>\n\t\t\t\t\t\t\t\t\t<\/li>\n\t\t\t\t\t\t\t\t<li class=\"elementor-icon-list-item elementor-inline-item\">\n\t\t\t\t\t\t\t\t\t\t\t<span class=\"elementor-icon-list-icon\">\n\t\t\t\t\t\t\t<i aria-hidden=\"true\" class=\"fas fa-phone-alt\"><\/i>\t\t\t\t\t\t<\/span>\n\t\t\t\t\t\t\t\t\t\t<span class=\"elementor-icon-list-text\">986 330 032<\/span>\n\t\t\t\t\t\t\t\t\t<\/li>\n\t\t\t\t\t\t\t\t<li class=\"elementor-icon-list-item elementor-inline-item\">\n\t\t\t\t\t\t\t\t\t\t\t<span class=\"elementor-icon-list-icon\">\n\t\t\t\t\t\t\t<i aria-hidden=\"true\" class=\"fas fa-phone-alt\"><\/i>\t\t\t\t\t\t<\/span>\n\t\t\t\t\t\t\t\t\t\t<span class=\"elementor-icon-list-text\">986 330 176<\/span>\n\t\t\t\t\t\t\t\t\t<\/li>\n\t\t\t\t\t\t<\/ul>\n\t\t\t\t<\/div>\n\t\t\t\t<\/div>\n\t\t\t\t<div class=\"elementor-element elementor-element-6542bad9 elementor-align-center elementor-mobile-align-center elementor-widget elementor-widget-button\" data-id=\"6542bad9\" data-element_type=\"widget\" data-widget_type=\"button.default\">\n\t\t\t\t<div class=\"elementor-widget-container\">\n\t\t\t\t\t<div class=\"elementor-button-wrapper\">\n\t\t\t<a href=\"https:\/\/www.hotelazul.es\" target=\"_blank\" class=\"elementor-button-link elementor-button elementor-size-md\" role=\"button\">\n\t\t\t\t\t\t<span class=\"elementor-button-content-wrapper\">\n\t\t\t\t\t\t<span class=\"elementor-button-text\">M\u00e1s info<\/span>\n\t\t<\/span>\n\t\t\t\t\t<\/a>\n\t\t<\/div>\n\t\t\t\t<\/div>\n\t\t\t\t<\/div>\n\t\t\t\t\t\t<\/div>\n\t\t\t\t\t<\/div>\n\t\t<\/div>\n\t\t\t\t\t\t\t\t<\/div>\n\t\t\t\t\t<\/div>\n\t\t<\/section>\n\t\t\t\t\t\t<\/div>\n\t\t\t\t\t<\/div>\n\t\t<\/div>\n\t\t\t\t\t\t\t\t<\/div>\n\t\t\t\t\t<\/div>\n\t\t<\/section>\n\t\t\t\t\t\t\t\t\t<\/div>\n\t\t\t<\/div>\n\t\t\t\t\t<\/div>","protected":false},"excerpt":{"rendered":"<p>Albergue de Peregrinos Avda. Buenos Aires, 17, 36400 O Porri\u00f1o, Pontevedra 986 335 428 M\u00e1s info Alojamiento Camino Portugu\u00e9s Avda. Buenos Aires, 40, 36410 O Porri\u00f1o, Pontevedra 886 13 32 52 M\u00e1s info Sendasur Albergue R\u00faa da Foz, 3, 36400 O Porri\u00f1o, Pontevedra 886 12 95 69 M\u00e1s info Albergue Camino Santiago Porri\u00f1o R\u00faa Servando &#8230; <a title=\"D\u00f3nde dormir en O Porri\u00f1o\" class=\"read-more\" href=\"https:\/\/hastalavista.es\/eng\/caminos\/el-camino-portugues\/donde-dormir-en-o-porrino\/\">Read more<\/a><\/p>","protected":false},"author":1,"featured_media":0,"parent":492,"menu_order":0,"comment_status":"closed","ping_status":"closed","template":"","meta":[],"yoast_head":"<!-- This site is optimized with the Yoast SEO plugin v17.6 - https:\/\/yoast.com\/wordpress\/plugins\/seo\/ -->\n<title>D\u00f3nde dormir en O Porri\u00f1o - Hasta la vista<\/title>\n<meta name=\"robots\" content=\"index, follow, max-snippet:-1, max-image-preview:large, max-video-preview:-1\" \/>\n<link rel=\"canonical\" href=\"https:\/\/hastalavista.es\/eng\/caminos\/el-camino-portugues\/donde-dormir-en-o-porrino\/\" \/>\n<meta property=\"og:locale\" content=\"en_US\" \/>\n<meta property=\"og:type\" content=\"article\" \/>\n<meta property=\"og:title\" content=\"D\u00f3nde dormir en O Porri\u00f1o - Hasta la vista\" \/>\n<meta property=\"og:description\" content=\"Albergue de Peregrinos Avda. Buenos Aires, 17, 36400 O Porri\u00f1o, Pontevedra 986 335 428 M\u00e1s info Alojamiento Camino Portugu\u00e9s Avda. Buenos Aires, 40, 36410 O Porri\u00f1o, Pontevedra 886 13 32 52 M\u00e1s info Sendasur Albergue R\u00faa da Foz, 3, 36400 O Porri\u00f1o, Pontevedra 886 12 95 69 M\u00e1s info Albergue Camino Santiago Porri\u00f1o R\u00faa Servando ... Read more\" \/>\n<meta property=\"og:url\" content=\"https:\/\/hastalavista.es\/eng\/caminos\/el-camino-portugues\/donde-dormir-en-o-porrino\/\" \/>\n<meta property=\"og:site_name\" content=\"Hasta la vista\" \/>\n<meta property=\"article:modified_time\" content=\"2020-03-11T17:48:35+00:00\" \/>\n<meta property=\"og:image\" content=\"https:\/\/hastalavista.es\/wp-content\/uploads\/2020\/01\/albergue_porrino_dormir_porri\u00f1o.jpg\" \/>\n<meta name=\"twitter:card\" content=\"summary_large_image\" \/>\n<meta name=\"twitter:label1\" content=\"Est. reading time\" \/>\n\t<meta name=\"twitter:data1\" content=\"1 minute\" \/>\n<script type=\"application\/ld+json\" class=\"yoast-schema-graph\">{\"@context\":\"https:\/\/schema.org\",\"@graph\":[{\"@type\":\"WebSite\",\"@id\":\"https:\/\/hastalavista.es\/gal\/#website\",\"url\":\"https:\/\/hastalavista.es\/gal\/\",\"name\":\"Hasta la vista\",\"description\":\"\",\"potentialAction\":[{\"@type\":\"SearchAction\",\"target\":{\"@type\":\"EntryPoint\",\"urlTemplate\":\"https:\/\/hastalavista.es\/gal\/?s={search_term_string}\"},\"query-input\":\"required name=search_term_string\"}],\"inLanguage\":\"en-US\"},{\"@type\":\"ImageObject\",\"@id\":\"https:\/\/hastalavista.es\/caminos\/el-camino-portugues\/donde-dormir-en-o-porrino\/#primaryimage\",\"inLanguage\":\"en-US\",\"url\":\"https:\/\/hastalavista.es\/wp-content\/uploads\/2020\/01\/albergue_porrino_dormir_porri\\u00f1o.jpg\",\"contentUrl\":\"https:\/\/hastalavista.es\/wp-content\/uploads\/2020\/01\/albergue_porrino_dormir_porri\\u00f1o.jpg\",\"width\":150,\"height\":150},{\"@type\":\"WebPage\",\"@id\":\"https:\/\/hastalavista.es\/caminos\/el-camino-portugues\/donde-dormir-en-o-porrino\/#webpage\",\"url\":\"https:\/\/hastalavista.es\/caminos\/el-camino-portugues\/donde-dormir-en-o-porrino\/\",\"name\":\"D\\u00f3nde dormir en O Porri\\u00f1o - Hasta la vista\",\"isPartOf\":{\"@id\":\"https:\/\/hastalavista.es\/gal\/#website\"},\"primaryImageOfPage\":{\"@id\":\"https:\/\/hastalavista.es\/caminos\/el-camino-portugues\/donde-dormir-en-o-porrino\/#primaryimage\"},\"datePublished\":\"2020-03-11T16:21:21+00:00\",\"dateModified\":\"2020-03-11T17:48:35+00:00\",\"breadcrumb\":{\"@id\":\"https:\/\/hastalavista.es\/caminos\/el-camino-portugues\/donde-dormir-en-o-porrino\/#breadcrumb\"},\"inLanguage\":\"en-US\",\"potentialAction\":[{\"@type\":\"ReadAction\",\"target\":[\"https:\/\/hastalavista.es\/caminos\/el-camino-portugues\/donde-dormir-en-o-porrino\/\"]}]},{\"@type\":\"BreadcrumbList\",\"@id\":\"https:\/\/hastalavista.es\/caminos\/el-camino-portugues\/donde-dormir-en-o-porrino\/#breadcrumb\",\"itemListElement\":[{\"@type\":\"ListItem\",\"position\":1,\"name\":\"Inicio\",\"item\":\"https:\/\/hastalavista.es\/\"},{\"@type\":\"ListItem\",\"position\":2,\"name\":\"Caminos\",\"item\":\"https:\/\/hastalavista.es\/?page_id=284\"},{\"@type\":\"ListItem\",\"position\":3,\"name\":\"El Camino Portugu\\u00e9s\",\"item\":\"https:\/\/hastalavista.es\/caminos\/el-camino-portugues\/\"},{\"@type\":\"ListItem\",\"position\":4,\"name\":\"D\\u00f3nde dormir en O Porri\\u00f1o\"}]}]}<\/script>\n<!-- \/ Yoast SEO plugin. -->","yoast_head_json":{"title":"D\u00f3nde dormir en O Porri\u00f1o - Hasta la vista","robots":{"index":"index","follow":"follow","max-snippet":"max-snippet:-1","max-image-preview":"max-image-preview:large","max-video-preview":"max-video-preview:-1"},"canonical":"https:\/\/hastalavista.es\/eng\/caminos\/el-camino-portugues\/donde-dormir-en-o-porrino\/","og_locale":"en_US","og_type":"article","og_title":"D\u00f3nde dormir en O Porri\u00f1o - Hasta la vista","og_description":"Albergue de Peregrinos Avda. Buenos Aires, 17, 36400 O Porri\u00f1o, Pontevedra 986 335 428 M\u00e1s info Alojamiento Camino Portugu\u00e9s Avda. Buenos Aires, 40, 36410 O Porri\u00f1o, Pontevedra 886 13 32 52 M\u00e1s info Sendasur Albergue R\u00faa da Foz, 3, 36400 O Porri\u00f1o, Pontevedra 886 12 95 69 M\u00e1s info Albergue Camino Santiago Porri\u00f1o R\u00faa Servando ... Read more","og_url":"https:\/\/hastalavista.es\/eng\/caminos\/el-camino-portugues\/donde-dormir-en-o-porrino\/","og_site_name":"Hasta la vista","article_modified_time":"2020-03-11T17:48:35+00:00","og_image":[{"url":"https:\/\/hastalavista.es\/wp-content\/uploads\/2020\/01\/albergue_porrino_dormir_porri\u00f1o.jpg"}],"twitter_card":"summary_large_image","twitter_misc":{"Est. reading time":"1 minute"},"schema":{"@context":"https:\/\/schema.org","@graph":[{"@type":"WebSite","@id":"https:\/\/hastalavista.es\/gal\/#website","url":"https:\/\/hastalavista.es\/gal\/","name":"Hasta la vista","description":"","potentialAction":[{"@type":"SearchAction","target":{"@type":"EntryPoint","urlTemplate":"https:\/\/hastalavista.es\/gal\/?s={search_term_string}"},"query-input":"required name=search_term_string"}],"inLanguage":"en-US"},{"@type":"ImageObject","@id":"https:\/\/hastalavista.es\/caminos\/el-camino-portugues\/donde-dormir-en-o-porrino\/#primaryimage","inLanguage":"en-US","url":"https:\/\/hastalavista.es\/wp-content\/uploads\/2020\/01\/albergue_porrino_dormir_porri\u00f1o.jpg","contentUrl":"https:\/\/hastalavista.es\/wp-content\/uploads\/2020\/01\/albergue_porrino_dormir_porri\u00f1o.jpg","width":150,"height":150},{"@type":"WebPage","@id":"https:\/\/hastalavista.es\/caminos\/el-camino-portugues\/donde-dormir-en-o-porrino\/#webpage","url":"https:\/\/hastalavista.es\/caminos\/el-camino-portugues\/donde-dormir-en-o-porrino\/","name":"D\u00f3nde dormir en O Porri\u00f1o - Hasta la vista","isPartOf":{"@id":"https:\/\/hastalavista.es\/gal\/#website"},"primaryImageOfPage":{"@id":"https:\/\/hastalavista.es\/caminos\/el-camino-portugues\/donde-dormir-en-o-porrino\/#primaryimage"},"datePublished":"2020-03-11T16:21:21+00:00","dateModified":"2020-03-11T17:48:35+00:00","breadcrumb":{"@id":"https:\/\/hastalavista.es\/caminos\/el-camino-portugues\/donde-dormir-en-o-porrino\/#breadcrumb"},"inLanguage":"en-US","potentialAction":[{"@type":"ReadAction","target":["https:\/\/hastalavista.es\/caminos\/el-camino-portugues\/donde-dormir-en-o-porrino\/"]}]},{"@type":"BreadcrumbList","@id":"https:\/\/hastalavista.es\/caminos\/el-camino-portugues\/donde-dormir-en-o-porrino\/#breadcrumb","itemListElement":[{"@type":"ListItem","position":1,"name":"Inicio","item":"https:\/\/hastalavista.es\/"},{"@type":"ListItem","position":2,"name":"Caminos","item":"https:\/\/hastalavista.es\/?page_id=284"},{"@type":"ListItem","position":3,"name":"El Camino Portugu\u00e9s","item":"https:\/\/hastalavista.es\/caminos\/el-camino-portugues\/"},{"@type":"ListItem","position":4,"name":"D\u00f3nde dormir en O Porri\u00f1o"}]}]}},"_links":{"self":[{"href":"https:\/\/hastalavista.es\/eng\/wp-json\/wp\/v2\/pages\/5640"}],"collection":[{"href":"https:\/\/hastalavista.es\/eng\/wp-json\/wp\/v2\/pages"}],"about":[{"href":"https:\/\/hastalavista.es\/eng\/wp-json\/wp\/v2\/types\/page"}],"author":[{"embeddable":true,"href":"https:\/\/hastalavista.es\/eng\/wp-json\/wp\/v2\/users\/1"}],"replies":[{"embeddable":true,"href":"https:\/\/hastalavista.es\/eng\/wp-json\/wp\/v2\/comments?post=5640"}],"version-history":[{"count":4,"href":"https:\/\/hastalavista.es\/eng\/wp-json\/wp\/v2\/pages\/5640\/revisions"}],"predecessor-version":[{"id":5702,"href":"https:\/\/hastalavista.es\/eng\/wp-json\/wp\/v2\/pages\/5640\/revisions\/5702"}],"up":[{"embeddable":true,"href":"https:\/\/hastalavista.es\/eng\/wp-json\/wp\/v2\/pages\/492"}],"wp:attachment":[{"href":"https:\/\/hastalavista.es\/eng\/wp-json\/wp\/v2\/media?parent=5640"}],"curies":[{"name":"wp","href":"https:\/\/api.w.org\/{rel}","templated":true}]}}