{"id":5414,"date":"2020-03-09T14:58:32","date_gmt":"2020-03-09T14:58:32","guid":{"rendered":"https:\/\/hastalavista.es\/?page_id=5414"},"modified":"2020-04-02T11:58:52","modified_gmt":"2020-04-02T11:58:52","slug":"donde-comer-en-rodeiro","status":"publish","type":"page","link":"https:\/\/hastalavista.es\/gal\/caminos\/invierno-barco-de-valdeorras\/donde-comer-en-rodeiro\/","title":{"rendered":"D\u00f3nde comer en Rodeiro"},"content":{"rendered":"<div data-elementor-type=\"wp-page\" data-elementor-id=\"5414\" class=\"elementor elementor-5414\">\n\t\t\t\t\t\t<div class=\"elementor-inner\">\n\t\t\t\t<div class=\"elementor-section-wrap\">\n\t\t\t\t\t\t\t\t\t<section class=\"elementor-section elementor-top-section elementor-element elementor-element-50cec4a elementor-section-height-min-height elementor-section-boxed elementor-section-height-default elementor-section-items-middle\" data-id=\"50cec4a\" data-element_type=\"section\" data-settings=\"{&quot;background_background&quot;:&quot;classic&quot;,&quot;shape_divider_bottom&quot;:&quot;waves&quot;}\">\n\t\t\t\t\t\t\t<div class=\"elementor-background-overlay\"><\/div>\n\t\t\t\t\t\t<div class=\"elementor-shape elementor-shape-bottom\" data-negative=\"false\">\n\t\t\t<svg xmlns=\"http:\/\/www.w3.org\/2000\/svg\" viewbox=\"0 0 1000 100\" preserveaspectratio=\"none\">\n\t<path class=\"elementor-shape-fill\" d=\"M421.9,6.5c22.6-2.5,51.5,0.4,75.5,5.3c23.6,4.9,70.9,23.5,100.5,35.7c75.8,32.2,133.7,44.5,192.6,49.7\tc23.6,2.1,48.7,3.5,103.4-2.5c54.7-6,106.2-25.6,106.2-25.6V0H0v30.3c0,0,72,32.6,158.4,30.5c39.2-0.7,92.8-6.7,134-22.4\tc21.2-8.1,52.2-18.2,79.7-24.2C399.3,7.9,411.6,7.5,421.9,6.5z\"\/>\n<\/svg>\t\t<\/div>\n\t\t\t\t\t<div class=\"elementor-container elementor-column-gap-default\">\n\t\t\t\t\t\t\t<div class=\"elementor-row\">\n\t\t\t\t\t<div class=\"elementor-column elementor-col-100 elementor-top-column elementor-element elementor-element-af624ea\" data-id=\"af624ea\" data-element_type=\"column\">\n\t\t\t<div class=\"elementor-column-wrap elementor-element-populated\">\n\t\t\t\t\t\t\t<div class=\"elementor-widget-wrap\">\n\t\t\t\t\t\t<div class=\"elementor-element elementor-element-a73136b elementor-align-center elementor-hidden-phone elementor-widget elementor-widget-breadcrumbs\" data-id=\"a73136b\" data-element_type=\"widget\" data-widget_type=\"breadcrumbs.default\">\n\t\t\t\t<div class=\"elementor-widget-container\">\n\t\t\t<p id=\"breadcrumbs\"><span><span><a href=\"https:\/\/hastalavista.es\/\">Inicio<\/a><\/span><\/p>\t\t<\/div>\n\t\t\t\t<\/div>\n\t\t\t\t<div class=\"elementor-element elementor-element-a48cd87 elementor-nav-menu__align-center elementor-nav-menu--dropdown-tablet elementor-nav-menu__text-align-aside elementor-nav-menu--toggle elementor-nav-menu--burger elementor-widget elementor-widget-nav-menu\" data-id=\"a48cd87\" data-element_type=\"widget\" data-settings=\"{&quot;layout&quot;:&quot;horizontal&quot;,&quot;submenu_icon&quot;:{&quot;value&quot;:&quot;&lt;i class=\\&quot;fas fa-caret-down\\&quot;&gt;&lt;\\\/i&gt;&quot;,&quot;library&quot;:&quot;fa-solid&quot;},&quot;toggle&quot;:&quot;burger&quot;}\" data-widget_type=\"nav-menu.default\">\n\t\t\t\t<div class=\"elementor-widget-container\">\n\t\t\t\t\t\t<nav migration_allowed=\"1\" migrated=\"0\" role=\"navigation\" class=\"elementor-nav-menu--main elementor-nav-menu__container elementor-nav-menu--layout-horizontal e--pointer-background e--animation-fade\">\n\t\t\t\t<ul id=\"menu-1-a48cd87\" class=\"elementor-nav-menu\"><li class=\"menu-item menu-item-type-post_type menu-item-object-page menu-item-5446\"><a href=\"https:\/\/hastalavista.es\/gal\/caminos\/invierno-barco-de-valdeorras\/donde-comer-en-o-barco-de-valdeorras\/\" class=\"elementor-item\">O Barco de Valdeorras<\/a><\/li>\n<li class=\"menu-item menu-item-type-post_type menu-item-object-page menu-item-5445\"><a href=\"https:\/\/hastalavista.es\/gal\/caminos\/invierno-barco-de-valdeorras\/donde-comer-en-a-rua\/\" class=\"elementor-item\">A R\u00faa<\/a><\/li>\n<li class=\"menu-item menu-item-type-post_type menu-item-object-page menu-item-5444\"><a href=\"https:\/\/hastalavista.es\/gal\/caminos\/invierno-barco-de-valdeorras\/donde-comer-en-quiroga\/\" class=\"elementor-item\">Quiroga<\/a><\/li>\n<li class=\"menu-item menu-item-type-post_type menu-item-object-page menu-item-5443\"><a href=\"https:\/\/hastalavista.es\/gal\/caminos\/invierno-barco-de-valdeorras\/donde-comer-en-monforte-de-lemos\/\" class=\"elementor-item\">Monforte de Lemos<\/a><\/li>\n<li class=\"menu-item menu-item-type-post_type menu-item-object-page menu-item-5442\"><a href=\"https:\/\/hastalavista.es\/gal\/caminos\/invierno-barco-de-valdeorras\/donde-comer-en-chantada\/\" class=\"elementor-item\">Chantada<\/a><\/li>\n<li class=\"menu-item menu-item-type-post_type menu-item-object-page menu-item-5441\"><a href=\"https:\/\/hastalavista.es\/gal\/caminos\/invierno-barco-de-valdeorras\/donde-comer-en-rodeiro\/\" class=\"elementor-item\">Rodeiro<\/a><\/li>\n<li class=\"menu-item menu-item-type-post_type menu-item-object-page menu-item-5440\"><a href=\"https:\/\/hastalavista.es\/gal\/caminos\/invierno-barco-de-valdeorras\/donde-comer-en-bendoiro\/\" class=\"elementor-item\">Bendoiro<\/a><\/li>\n<li class=\"menu-item menu-item-type-post_type menu-item-object-page menu-item-5439\"><a href=\"https:\/\/hastalavista.es\/gal\/caminos\/invierno-barco-de-valdeorras\/donde-comer-en-outeiro\/\" class=\"elementor-item\">Outeiro<\/a><\/li>\n<\/ul>\t\t\t<\/nav>\n\t\t\t\t\t<div class=\"elementor-menu-toggle\" role=\"button\" tabindex=\"0\" aria-label=\"Menu Toggle\" aria-expanded=\"false\">\n\t\t\t<i aria-hidden=\"true\" role=\"presentation\" class=\"eicon-menu-bar\"><\/i>\t\t\t<span class=\"elementor-screen-only\">Menu<\/span>\n\t\t<\/div>\n\t\t\t<nav class=\"elementor-nav-menu--dropdown elementor-nav-menu__container\" role=\"navigation\" aria-hidden=\"true\">\n\t\t\t\t<ul id=\"menu-2-a48cd87\" class=\"elementor-nav-menu\"><li class=\"menu-item menu-item-type-post_type menu-item-object-page menu-item-5446\"><a href=\"https:\/\/hastalavista.es\/gal\/caminos\/invierno-barco-de-valdeorras\/donde-comer-en-o-barco-de-valdeorras\/\" class=\"elementor-item\" tabindex=\"-1\">O Barco de Valdeorras<\/a><\/li>\n<li class=\"menu-item menu-item-type-post_type menu-item-object-page menu-item-5445\"><a href=\"https:\/\/hastalavista.es\/gal\/caminos\/invierno-barco-de-valdeorras\/donde-comer-en-a-rua\/\" class=\"elementor-item\" tabindex=\"-1\">A R\u00faa<\/a><\/li>\n<li class=\"menu-item menu-item-type-post_type menu-item-object-page menu-item-5444\"><a href=\"https:\/\/hastalavista.es\/gal\/caminos\/invierno-barco-de-valdeorras\/donde-comer-en-quiroga\/\" class=\"elementor-item\" tabindex=\"-1\">Quiroga<\/a><\/li>\n<li class=\"menu-item menu-item-type-post_type menu-item-object-page menu-item-5443\"><a href=\"https:\/\/hastalavista.es\/gal\/caminos\/invierno-barco-de-valdeorras\/donde-comer-en-monforte-de-lemos\/\" class=\"elementor-item\" tabindex=\"-1\">Monforte de Lemos<\/a><\/li>\n<li class=\"menu-item menu-item-type-post_type menu-item-object-page menu-item-5442\"><a href=\"https:\/\/hastalavista.es\/gal\/caminos\/invierno-barco-de-valdeorras\/donde-comer-en-chantada\/\" class=\"elementor-item\" tabindex=\"-1\">Chantada<\/a><\/li>\n<li class=\"menu-item menu-item-type-post_type menu-item-object-page menu-item-5441\"><a href=\"https:\/\/hastalavista.es\/gal\/caminos\/invierno-barco-de-valdeorras\/donde-comer-en-rodeiro\/\" class=\"elementor-item\" tabindex=\"-1\">Rodeiro<\/a><\/li>\n<li class=\"menu-item menu-item-type-post_type menu-item-object-page menu-item-5440\"><a href=\"https:\/\/hastalavista.es\/gal\/caminos\/invierno-barco-de-valdeorras\/donde-comer-en-bendoiro\/\" class=\"elementor-item\" tabindex=\"-1\">Bendoiro<\/a><\/li>\n<li class=\"menu-item menu-item-type-post_type menu-item-object-page menu-item-5439\"><a href=\"https:\/\/hastalavista.es\/gal\/caminos\/invierno-barco-de-valdeorras\/donde-comer-en-outeiro\/\" class=\"elementor-item\" tabindex=\"-1\">Outeiro<\/a><\/li>\n<\/ul>\t\t\t<\/nav>\n\t\t\t\t<\/div>\n\t\t\t\t<\/div>\n\t\t\t\t\t\t<\/div>\n\t\t\t\t\t<\/div>\n\t\t<\/div>\n\t\t\t\t\t\t\t\t<\/div>\n\t\t\t\t\t<\/div>\n\t\t<\/section>\n\t\t\t\t<section class=\"elementor-section elementor-top-section elementor-element elementor-element-31709ad8 elementor-section-stretched elementor-section-boxed elementor-section-height-default elementor-section-height-default\" data-id=\"31709ad8\" data-element_type=\"section\" data-settings=\"{&quot;stretch_section&quot;:&quot;section-stretched&quot;}\">\n\t\t\t\t\t\t<div class=\"elementor-container elementor-column-gap-default\">\n\t\t\t\t\t\t\t<div class=\"elementor-row\">\n\t\t\t\t\t<div class=\"elementor-column elementor-col-25 elementor-top-column elementor-element elementor-element-57f4725e\" data-id=\"57f4725e\" data-element_type=\"column\">\n\t\t\t<div class=\"elementor-column-wrap elementor-element-populated\">\n\t\t\t\t\t\t\t<div class=\"elementor-widget-wrap\">\n\t\t\t\t\t\t<div class=\"elementor-element elementor-element-394f73d3 elementor-widget elementor-widget-heading\" data-id=\"394f73d3\" data-element_type=\"widget\" data-widget_type=\"heading.default\">\n\t\t\t\t<div class=\"elementor-widget-container\">\n\t\t\t<h2 class=\"elementor-heading-title elementor-size-default\">Restaurante Casa S\u00e1nchez<\/h2>\t\t<\/div>\n\t\t\t\t<\/div>\n\t\t\t\t<section class=\"elementor-section elementor-inner-section elementor-element elementor-element-5a7752f8 elementor-section-boxed elementor-section-height-default elementor-section-height-default\" data-id=\"5a7752f8\" data-element_type=\"section\">\n\t\t\t\t\t\t<div class=\"elementor-container elementor-column-gap-default\">\n\t\t\t\t\t\t\t<div class=\"elementor-row\">\n\t\t\t\t\t<div class=\"elementor-column elementor-col-100 elementor-inner-column elementor-element elementor-element-52dd6404\" data-id=\"52dd6404\" data-element_type=\"column\">\n\t\t\t<div class=\"elementor-column-wrap elementor-element-populated\">\n\t\t\t\t\t\t\t<div class=\"elementor-widget-wrap\">\n\t\t\t\t\t\t<div class=\"elementor-element elementor-element-79d45a7c elementor-widget elementor-widget-image\" data-id=\"79d45a7c\" data-element_type=\"widget\" data-widget_type=\"image.default\">\n\t\t\t\t<div class=\"elementor-widget-container\">\n\t\t\t\t\t\t\t\t<div class=\"elementor-image\">\n\t\t\t\t\t\t\t\t\t\t\t\t<img width=\"150\" height=\"150\" src=\"https:\/\/hastalavista.es\/wp-content\/uploads\/2020\/01\/casa_sanchez_comer_en_rodeiro.jpg\" class=\"attachment-thumbnail size-thumbnail\" alt=\"\" loading=\"lazy\" \/>\t\t\t\t\t\t\t\t\t\t\t\t\t\t<\/div>\n\t\t\t\t\t\t<\/div>\n\t\t\t\t<\/div>\n\t\t\t\t<div class=\"elementor-element elementor-element-1ad5cee8 elementor-align-center elementor-icon-list--layout-inline elementor-list-item-link-full_width elementor-widget elementor-widget-icon-list\" data-id=\"1ad5cee8\" data-element_type=\"widget\" data-widget_type=\"icon-list.default\">\n\t\t\t\t<div class=\"elementor-widget-container\">\n\t\t\t\t\t<ul class=\"elementor-icon-list-items elementor-inline-items\">\n\t\t\t\t\t\t\t<li class=\"elementor-icon-list-item elementor-inline-item\">\n\t\t\t\t\t\t\t\t\t\t\t<a href=\"https:\/\/www.google.com\/maps\/place\/Restaurante+Casa+S%C3%A1nchez\/@42.6481066,-7.9468998,15z\/data=!4m5!3m4!1s0x0:0xf8fc956fcaebd9f5!8m2!3d42.6481066!4d-7.9468998\">\n\n\t\t\t\t\t\t\t\t\t\t\t\t<span class=\"elementor-icon-list-icon\">\n\t\t\t\t\t\t\t<i aria-hidden=\"true\" class=\"fas fa-location-arrow\"><\/i>\t\t\t\t\t\t<\/span>\n\t\t\t\t\t\t\t\t\t\t<span class=\"elementor-icon-list-text\">Carretera General Lalin Monforte, 44, 36530 Rodeiro, Pontevedra<\/span>\n\t\t\t\t\t\t\t\t\t\t\t<\/a>\n\t\t\t\t\t\t\t\t\t<\/li>\n\t\t\t\t\t\t\t\t<li class=\"elementor-icon-list-item elementor-inline-item\">\n\t\t\t\t\t\t\t\t\t\t\t<span class=\"elementor-icon-list-icon\">\n\t\t\t\t\t\t\t<i aria-hidden=\"true\" class=\"fas fa-phone-alt\"><\/i>\t\t\t\t\t\t<\/span>\n\t\t\t\t\t\t\t\t\t\t<span class=\"elementor-icon-list-text\">986 79 19 42<\/span>\n\t\t\t\t\t\t\t\t\t<\/li>\n\t\t\t\t\t\t<\/ul>\n\t\t\t\t<\/div>\n\t\t\t\t<\/div>\n\t\t\t\t\t\t<\/div>\n\t\t\t\t\t<\/div>\n\t\t<\/div>\n\t\t\t\t\t\t\t\t<\/div>\n\t\t\t\t\t<\/div>\n\t\t<\/section>\n\t\t\t\t<div class=\"elementor-element elementor-element-239f983f elementor-align-center elementor-mobile-align-center elementor-widget elementor-widget-button\" data-id=\"239f983f\" data-element_type=\"widget\" data-widget_type=\"button.default\">\n\t\t\t\t<div class=\"elementor-widget-container\">\n\t\t\t\t\t<div class=\"elementor-button-wrapper\">\n\t\t\t<a href=\"https:\/\/www.facebook.com\/rcsrodeiro\" target=\"_blank\" class=\"elementor-button-link elementor-button elementor-size-md\" role=\"button\">\n\t\t\t\t\t\t<span class=\"elementor-button-content-wrapper\">\n\t\t\t\t\t\t<span class=\"elementor-button-text\">M\u00e1s info<\/span>\n\t\t<\/span>\n\t\t\t\t\t<\/a>\n\t\t<\/div>\n\t\t\t\t<\/div>\n\t\t\t\t<\/div>\n\t\t\t\t\t\t<\/div>\n\t\t\t\t\t<\/div>\n\t\t<\/div>\n\t\t\t\t<div class=\"elementor-column elementor-col-25 elementor-top-column elementor-element elementor-element-2792f249\" data-id=\"2792f249\" data-element_type=\"column\">\n\t\t\t<div class=\"elementor-column-wrap elementor-element-populated\">\n\t\t\t\t\t\t\t<div class=\"elementor-widget-wrap\">\n\t\t\t\t\t\t<div class=\"elementor-element elementor-element-23f178b4 elementor-widget elementor-widget-heading\" data-id=\"23f178b4\" data-element_type=\"widget\" data-widget_type=\"heading.default\">\n\t\t\t\t<div class=\"elementor-widget-container\">\n\t\t\t<h2 class=\"elementor-heading-title elementor-size-default\">Meson O'Guerra<\/h2>\t\t<\/div>\n\t\t\t\t<\/div>\n\t\t\t\t<section class=\"elementor-section elementor-inner-section elementor-element elementor-element-55d9d0f5 elementor-section-boxed elementor-section-height-default elementor-section-height-default\" data-id=\"55d9d0f5\" data-element_type=\"section\">\n\t\t\t\t\t\t<div class=\"elementor-container elementor-column-gap-default\">\n\t\t\t\t\t\t\t<div class=\"elementor-row\">\n\t\t\t\t\t<div class=\"elementor-column elementor-col-100 elementor-inner-column elementor-element elementor-element-5632de4d\" data-id=\"5632de4d\" data-element_type=\"column\">\n\t\t\t<div class=\"elementor-column-wrap elementor-element-populated\">\n\t\t\t\t\t\t\t<div class=\"elementor-widget-wrap\">\n\t\t\t\t\t\t<div class=\"elementor-element elementor-element-632de380 elementor-widget elementor-widget-image\" data-id=\"632de380\" data-element_type=\"widget\" data-widget_type=\"image.default\">\n\t\t\t\t<div class=\"elementor-widget-container\">\n\t\t\t\t\t\t\t\t<div class=\"elementor-image\">\n\t\t\t\t\t\t\t\t\t\t\t\t<img width=\"150\" height=\"150\" src=\"https:\/\/hastalavista.es\/wp-content\/uploads\/2020\/01\/meson_guerra_comer_rodeiro.jpg\" class=\"attachment-thumbnail size-thumbnail\" alt=\"\" loading=\"lazy\" \/>\t\t\t\t\t\t\t\t\t\t\t\t\t\t<\/div>\n\t\t\t\t\t\t<\/div>\n\t\t\t\t<\/div>\n\t\t\t\t<div class=\"elementor-element elementor-element-396209d8 elementor-align-center elementor-icon-list--layout-inline elementor-list-item-link-full_width elementor-widget elementor-widget-icon-list\" data-id=\"396209d8\" data-element_type=\"widget\" data-widget_type=\"icon-list.default\">\n\t\t\t\t<div class=\"elementor-widget-container\">\n\t\t\t\t\t<ul class=\"elementor-icon-list-items elementor-inline-items\">\n\t\t\t\t\t\t\t<li class=\"elementor-icon-list-item elementor-inline-item\">\n\t\t\t\t\t\t\t\t\t\t\t<a href=\"https:\/\/www.google.com\/maps\/place\/Meson+O&#039;Guerra\/@42.6489703,-7.9473099,15z\/data=!4m5!3m4!1s0x0:0x3c224fd749960d30!8m2!3d42.6489703!4d-7.9473099\">\n\n\t\t\t\t\t\t\t\t\t\t\t\t<span class=\"elementor-icon-list-icon\">\n\t\t\t\t\t\t\t<i aria-hidden=\"true\" class=\"fas fa-location-arrow\"><\/i>\t\t\t\t\t\t<\/span>\n\t\t\t\t\t\t\t\t\t\t<span class=\"elementor-icon-list-text\">raves\u00eda Cl\u00ednica, 6, 36537 Rodeiro, Pontevedra<\/span>\n\t\t\t\t\t\t\t\t\t\t\t<\/a>\n\t\t\t\t\t\t\t\t\t<\/li>\n\t\t\t\t\t\t\t\t<li class=\"elementor-icon-list-item elementor-inline-item\">\n\t\t\t\t\t\t\t\t\t\t\t<span class=\"elementor-icon-list-icon\">\n\t\t\t\t\t\t\t<i aria-hidden=\"true\" class=\"fas fa-phone-alt\"><\/i>\t\t\t\t\t\t<\/span>\n\t\t\t\t\t\t\t\t\t\t<span class=\"elementor-icon-list-text\">986 79 00 61<\/span>\n\t\t\t\t\t\t\t\t\t<\/li>\n\t\t\t\t\t\t<\/ul>\n\t\t\t\t<\/div>\n\t\t\t\t<\/div>\n\t\t\t\t<div class=\"elementor-element elementor-element-109424ff elementor-align-center elementor-mobile-align-center elementor-widget elementor-widget-button\" data-id=\"109424ff\" data-element_type=\"widget\" data-widget_type=\"button.default\">\n\t\t\t\t<div class=\"elementor-widget-container\">\n\t\t\t\t\t<div class=\"elementor-button-wrapper\">\n\t\t\t<a href=\"https:\/\/www.tripadvisor.es\/Restaurant_Review-g4126420-d8001770-Reviews-Restaurante_O_Guerra-Rodeiro_Province_of_Pontevedra_Galicia.html\" target=\"_blank\" class=\"elementor-button-link elementor-button elementor-size-md\" role=\"button\">\n\t\t\t\t\t\t<span class=\"elementor-button-content-wrapper\">\n\t\t\t\t\t\t<span class=\"elementor-button-text\">M\u00e1s info<\/span>\n\t\t<\/span>\n\t\t\t\t\t<\/a>\n\t\t<\/div>\n\t\t\t\t<\/div>\n\t\t\t\t<\/div>\n\t\t\t\t\t\t<\/div>\n\t\t\t\t\t<\/div>\n\t\t<\/div>\n\t\t\t\t\t\t\t\t<\/div>\n\t\t\t\t\t<\/div>\n\t\t<\/section>\n\t\t\t\t\t\t<\/div>\n\t\t\t\t\t<\/div>\n\t\t<\/div>\n\t\t\t\t<div class=\"elementor-column elementor-col-25 elementor-top-column elementor-element elementor-element-9e96062\" data-id=\"9e96062\" data-element_type=\"column\">\n\t\t\t<div class=\"elementor-column-wrap elementor-element-populated\">\n\t\t\t\t\t\t\t<div class=\"elementor-widget-wrap\">\n\t\t\t\t\t\t<div class=\"elementor-element elementor-element-4626820e elementor-widget elementor-widget-heading\" data-id=\"4626820e\" data-element_type=\"widget\" data-widget_type=\"heading.default\">\n\t\t\t\t<div class=\"elementor-widget-container\">\n\t\t\t<h2 class=\"elementor-heading-title elementor-size-default\">Carpinteiras<\/h2>\t\t<\/div>\n\t\t\t\t<\/div>\n\t\t\t\t<section class=\"elementor-section elementor-inner-section elementor-element elementor-element-2d483af6 elementor-section-boxed elementor-section-height-default elementor-section-height-default\" data-id=\"2d483af6\" data-element_type=\"section\">\n\t\t\t\t\t\t<div class=\"elementor-container elementor-column-gap-default\">\n\t\t\t\t\t\t\t<div class=\"elementor-row\">\n\t\t\t\t\t<div class=\"elementor-column elementor-col-100 elementor-inner-column elementor-element elementor-element-7f439067\" data-id=\"7f439067\" data-element_type=\"column\">\n\t\t\t<div class=\"elementor-column-wrap elementor-element-populated\">\n\t\t\t\t\t\t\t<div class=\"elementor-widget-wrap\">\n\t\t\t\t\t\t<div class=\"elementor-element elementor-element-7d730e elementor-widget elementor-widget-image\" data-id=\"7d730e\" data-element_type=\"widget\" data-widget_type=\"image.default\">\n\t\t\t\t<div class=\"elementor-widget-container\">\n\t\t\t\t\t\t\t\t<div class=\"elementor-image\">\n\t\t\t\t\t\t\t\t\t\t\t\t<img width=\"150\" height=\"150\" src=\"https:\/\/hastalavista.es\/wp-content\/uploads\/2020\/01\/carpinteiras_comer_bendoiro.jpg\" class=\"attachment-thumbnail size-thumbnail\" alt=\"\" loading=\"lazy\" \/>\t\t\t\t\t\t\t\t\t\t\t\t\t\t<\/div>\n\t\t\t\t\t\t<\/div>\n\t\t\t\t<\/div>\n\t\t\t\t<div class=\"elementor-element elementor-element-6b53f27a elementor-align-center elementor-icon-list--layout-inline elementor-list-item-link-full_width elementor-widget elementor-widget-icon-list\" data-id=\"6b53f27a\" data-element_type=\"widget\" data-widget_type=\"icon-list.default\">\n\t\t\t\t<div class=\"elementor-widget-container\">\n\t\t\t\t\t<ul class=\"elementor-icon-list-items elementor-inline-items\">\n\t\t\t\t\t\t\t<li class=\"elementor-icon-list-item elementor-inline-item\">\n\t\t\t\t\t\t\t\t\t\t\t<a href=\"https:\/\/www.google.com\/maps\/place\/Hostal+Parrillada+Carpinteiras\/@42.6467083,-7.9429968,15z\/data=!4m5!3m4!1s0x0:0x7fd2a4276fde952!8m2!3d42.6467083!4d-7.9429968\">\n\n\t\t\t\t\t\t\t\t\t\t\t\t<span class=\"elementor-icon-list-icon\">\n\t\t\t\t\t\t\t<i aria-hidden=\"true\" class=\"fas fa-location-arrow\"><\/i>\t\t\t\t\t\t<\/span>\n\t\t\t\t\t\t\t\t\t\t<span class=\"elementor-icon-list-text\">Av. Lal\u00edn-Monforte, 59, 36537 Rodeiro, Pontevedra<\/span>\n\t\t\t\t\t\t\t\t\t\t\t<\/a>\n\t\t\t\t\t\t\t\t\t<\/li>\n\t\t\t\t\t\t\t\t<li class=\"elementor-icon-list-item elementor-inline-item\">\n\t\t\t\t\t\t\t\t\t\t\t<span class=\"elementor-icon-list-icon\">\n\t\t\t\t\t\t\t<i aria-hidden=\"true\" class=\"fas fa-phone-alt\"><\/i>\t\t\t\t\t\t<\/span>\n\t\t\t\t\t\t\t\t\t\t<span class=\"elementor-icon-list-text\">986 79 01 96<\/span>\n\t\t\t\t\t\t\t\t\t<\/li>\n\t\t\t\t\t\t<\/ul>\n\t\t\t\t<\/div>\n\t\t\t\t<\/div>\n\t\t\t\t<div class=\"elementor-element elementor-element-1d4c0c1b elementor-align-center elementor-mobile-align-center elementor-widget elementor-widget-button\" data-id=\"1d4c0c1b\" data-element_type=\"widget\" data-widget_type=\"button.default\">\n\t\t\t\t<div class=\"elementor-widget-container\">\n\t\t\t\t\t<div class=\"elementor-button-wrapper\">\n\t\t\t<a href=\"https:\/\/www.facebook.com\/Hostal-Albergue-Carpinteiras-364432720847756\/?rf=188424331544846\" target=\"_blank\" class=\"elementor-button-link elementor-button elementor-size-md\" role=\"button\">\n\t\t\t\t\t\t<span class=\"elementor-button-content-wrapper\">\n\t\t\t\t\t\t<span class=\"elementor-button-text\">M\u00e1s info<\/span>\n\t\t<\/span>\n\t\t\t\t\t<\/a>\n\t\t<\/div>\n\t\t\t\t<\/div>\n\t\t\t\t<\/div>\n\t\t\t\t\t\t<\/div>\n\t\t\t\t\t<\/div>\n\t\t<\/div>\n\t\t\t\t\t\t\t\t<\/div>\n\t\t\t\t\t<\/div>\n\t\t<\/section>\n\t\t\t\t\t\t<\/div>\n\t\t\t\t\t<\/div>\n\t\t<\/div>\n\t\t\t\t<div class=\"elementor-column elementor-col-25 elementor-top-column elementor-element elementor-element-ba9cdda\" data-id=\"ba9cdda\" data-element_type=\"column\">\n\t\t\t<div class=\"elementor-column-wrap\">\n\t\t\t\t\t\t\t<div class=\"elementor-widget-wrap\">\n\t\t\t\t\t\t\t\t<\/div>\n\t\t\t\t\t<\/div>\n\t\t<\/div>\n\t\t\t\t\t\t\t\t<\/div>\n\t\t\t\t\t<\/div>\n\t\t<\/section>\n\t\t\t\t\t\t\t\t\t<\/div>\n\t\t\t<\/div>\n\t\t\t\t\t<\/div>","protected":false},"excerpt":{"rendered":"<p>Restaurante Casa S\u00e1nchez Carretera General Lalin Monforte, 44, 36530 Rodeiro, Pontevedra 986 79 19 42 M\u00e1s info Meson O&#8217;Guerra raves\u00eda Cl\u00ednica, 6, 36537 Rodeiro, Pontevedra 986 79 00 61 M\u00e1s info Carpinteiras Av. Lal\u00edn-Monforte, 59, 36537 Rodeiro, Pontevedra 986 79 01 96 M\u00e1s info<\/p>","protected":false},"author":1,"featured_media":0,"parent":122,"menu_order":0,"comment_status":"closed","ping_status":"closed","template":"","meta":[],"yoast_head":"<!-- This site is optimized with the Yoast SEO plugin v17.6 - https:\/\/yoast.com\/wordpress\/plugins\/seo\/ -->\n<title>D\u00f3nde comer en Rodeiro - Hasta la vista<\/title>\n<meta name=\"robots\" content=\"index, follow, max-snippet:-1, max-image-preview:large, max-video-preview:-1\" \/>\n<link rel=\"canonical\" href=\"https:\/\/hastalavista.es\/gal\/caminos\/invierno-barco-de-valdeorras\/donde-comer-en-rodeiro\/\" \/>\n<meta property=\"og:locale\" content=\"gl_ES\" \/>\n<meta property=\"og:type\" content=\"article\" \/>\n<meta property=\"og:title\" content=\"D\u00f3nde comer en Rodeiro - Hasta la vista\" \/>\n<meta property=\"og:description\" content=\"Restaurante Casa S\u00e1nchez Carretera General Lalin Monforte, 44, 36530 Rodeiro, Pontevedra 986 79 19 42 M\u00e1s info Meson O&#8217;Guerra raves\u00eda Cl\u00ednica, 6, 36537 Rodeiro, Pontevedra 986 79 00 61 M\u00e1s info Carpinteiras Av. Lal\u00edn-Monforte, 59, 36537 Rodeiro, Pontevedra 986 79 01 96 M\u00e1s info\" \/>\n<meta property=\"og:url\" content=\"https:\/\/hastalavista.es\/gal\/caminos\/invierno-barco-de-valdeorras\/donde-comer-en-rodeiro\/\" \/>\n<meta property=\"og:site_name\" content=\"Hasta la vista\" \/>\n<meta property=\"article:modified_time\" content=\"2020-04-02T11:58:52+00:00\" \/>\n<meta property=\"og:image\" content=\"https:\/\/hastalavista.es\/wp-content\/uploads\/2020\/01\/casa_sanchez_comer_en_rodeiro.jpg\" \/>\n<meta name=\"twitter:card\" content=\"summary_large_image\" \/>\n<script type=\"application\/ld+json\" class=\"yoast-schema-graph\">{\"@context\":\"https:\/\/schema.org\",\"@graph\":[{\"@type\":\"WebSite\",\"@id\":\"https:\/\/hastalavista.es\/gal\/#website\",\"url\":\"https:\/\/hastalavista.es\/gal\/\",\"name\":\"Hasta la vista\",\"description\":\"\",\"potentialAction\":[{\"@type\":\"SearchAction\",\"target\":{\"@type\":\"EntryPoint\",\"urlTemplate\":\"https:\/\/hastalavista.es\/gal\/?s={search_term_string}\"},\"query-input\":\"required name=search_term_string\"}],\"inLanguage\":\"gl-ES\"},{\"@type\":\"ImageObject\",\"@id\":\"https:\/\/hastalavista.es\/caminos\/invierno-barco-de-valdeorras\/donde-comer-en-rodeiro\/#primaryimage\",\"inLanguage\":\"gl-ES\",\"url\":\"https:\/\/hastalavista.es\/wp-content\/uploads\/2020\/01\/casa_sanchez_comer_en_rodeiro.jpg\",\"contentUrl\":\"https:\/\/hastalavista.es\/wp-content\/uploads\/2020\/01\/casa_sanchez_comer_en_rodeiro.jpg\",\"width\":150,\"height\":150},{\"@type\":\"WebPage\",\"@id\":\"https:\/\/hastalavista.es\/caminos\/invierno-barco-de-valdeorras\/donde-comer-en-rodeiro\/#webpage\",\"url\":\"https:\/\/hastalavista.es\/caminos\/invierno-barco-de-valdeorras\/donde-comer-en-rodeiro\/\",\"name\":\"D\\u00f3nde comer en Rodeiro - Hasta la vista\",\"isPartOf\":{\"@id\":\"https:\/\/hastalavista.es\/gal\/#website\"},\"primaryImageOfPage\":{\"@id\":\"https:\/\/hastalavista.es\/caminos\/invierno-barco-de-valdeorras\/donde-comer-en-rodeiro\/#primaryimage\"},\"datePublished\":\"2020-03-09T14:58:32+00:00\",\"dateModified\":\"2020-04-02T11:58:52+00:00\",\"breadcrumb\":{\"@id\":\"https:\/\/hastalavista.es\/caminos\/invierno-barco-de-valdeorras\/donde-comer-en-rodeiro\/#breadcrumb\"},\"inLanguage\":\"gl-ES\",\"potentialAction\":[{\"@type\":\"ReadAction\",\"target\":[\"https:\/\/hastalavista.es\/caminos\/invierno-barco-de-valdeorras\/donde-comer-en-rodeiro\/\"]}]},{\"@type\":\"BreadcrumbList\",\"@id\":\"https:\/\/hastalavista.es\/caminos\/invierno-barco-de-valdeorras\/donde-comer-en-rodeiro\/#breadcrumb\",\"itemListElement\":[{\"@type\":\"ListItem\",\"position\":1,\"name\":\"Inicio\",\"item\":\"https:\/\/hastalavista.es\/\"},{\"@type\":\"ListItem\",\"position\":2,\"name\":\"Caminos\",\"item\":\"https:\/\/hastalavista.es\/?page_id=284\"},{\"@type\":\"ListItem\",\"position\":3,\"name\":\"El Camino de Invierno desde O barco de Valdeorras\",\"item\":\"https:\/\/hastalavista.es\/caminos\/invierno-barco-de-valdeorras\/\"},{\"@type\":\"ListItem\",\"position\":4,\"name\":\"D\\u00f3nde comer en Rodeiro\"}]}]}<\/script>\n<!-- \/ Yoast SEO plugin. -->","yoast_head_json":{"title":"D\u00f3nde comer en Rodeiro - Hasta la vista","robots":{"index":"index","follow":"follow","max-snippet":"max-snippet:-1","max-image-preview":"max-image-preview:large","max-video-preview":"max-video-preview:-1"},"canonical":"https:\/\/hastalavista.es\/gal\/caminos\/invierno-barco-de-valdeorras\/donde-comer-en-rodeiro\/","og_locale":"gl_ES","og_type":"article","og_title":"D\u00f3nde comer en Rodeiro - Hasta la vista","og_description":"Restaurante Casa S\u00e1nchez Carretera General Lalin Monforte, 44, 36530 Rodeiro, Pontevedra 986 79 19 42 M\u00e1s info Meson O&#8217;Guerra raves\u00eda Cl\u00ednica, 6, 36537 Rodeiro, Pontevedra 986 79 00 61 M\u00e1s info Carpinteiras Av. Lal\u00edn-Monforte, 59, 36537 Rodeiro, Pontevedra 986 79 01 96 M\u00e1s info","og_url":"https:\/\/hastalavista.es\/gal\/caminos\/invierno-barco-de-valdeorras\/donde-comer-en-rodeiro\/","og_site_name":"Hasta la vista","article_modified_time":"2020-04-02T11:58:52+00:00","og_image":[{"url":"https:\/\/hastalavista.es\/wp-content\/uploads\/2020\/01\/casa_sanchez_comer_en_rodeiro.jpg"}],"twitter_card":"summary_large_image","schema":{"@context":"https:\/\/schema.org","@graph":[{"@type":"WebSite","@id":"https:\/\/hastalavista.es\/gal\/#website","url":"https:\/\/hastalavista.es\/gal\/","name":"Hasta la vista","description":"","potentialAction":[{"@type":"SearchAction","target":{"@type":"EntryPoint","urlTemplate":"https:\/\/hastalavista.es\/gal\/?s={search_term_string}"},"query-input":"required name=search_term_string"}],"inLanguage":"gl-ES"},{"@type":"ImageObject","@id":"https:\/\/hastalavista.es\/caminos\/invierno-barco-de-valdeorras\/donde-comer-en-rodeiro\/#primaryimage","inLanguage":"gl-ES","url":"https:\/\/hastalavista.es\/wp-content\/uploads\/2020\/01\/casa_sanchez_comer_en_rodeiro.jpg","contentUrl":"https:\/\/hastalavista.es\/wp-content\/uploads\/2020\/01\/casa_sanchez_comer_en_rodeiro.jpg","width":150,"height":150},{"@type":"WebPage","@id":"https:\/\/hastalavista.es\/caminos\/invierno-barco-de-valdeorras\/donde-comer-en-rodeiro\/#webpage","url":"https:\/\/hastalavista.es\/caminos\/invierno-barco-de-valdeorras\/donde-comer-en-rodeiro\/","name":"D\u00f3nde comer en Rodeiro - Hasta la vista","isPartOf":{"@id":"https:\/\/hastalavista.es\/gal\/#website"},"primaryImageOfPage":{"@id":"https:\/\/hastalavista.es\/caminos\/invierno-barco-de-valdeorras\/donde-comer-en-rodeiro\/#primaryimage"},"datePublished":"2020-03-09T14:58:32+00:00","dateModified":"2020-04-02T11:58:52+00:00","breadcrumb":{"@id":"https:\/\/hastalavista.es\/caminos\/invierno-barco-de-valdeorras\/donde-comer-en-rodeiro\/#breadcrumb"},"inLanguage":"gl-ES","potentialAction":[{"@type":"ReadAction","target":["https:\/\/hastalavista.es\/caminos\/invierno-barco-de-valdeorras\/donde-comer-en-rodeiro\/"]}]},{"@type":"BreadcrumbList","@id":"https:\/\/hastalavista.es\/caminos\/invierno-barco-de-valdeorras\/donde-comer-en-rodeiro\/#breadcrumb","itemListElement":[{"@type":"ListItem","position":1,"name":"Inicio","item":"https:\/\/hastalavista.es\/"},{"@type":"ListItem","position":2,"name":"Caminos","item":"https:\/\/hastalavista.es\/?page_id=284"},{"@type":"ListItem","position":3,"name":"El Camino de Invierno desde O barco de Valdeorras","item":"https:\/\/hastalavista.es\/caminos\/invierno-barco-de-valdeorras\/"},{"@type":"ListItem","position":4,"name":"D\u00f3nde comer en Rodeiro"}]}]}},"_links":{"self":[{"href":"https:\/\/hastalavista.es\/gal\/wp-json\/wp\/v2\/pages\/5414"}],"collection":[{"href":"https:\/\/hastalavista.es\/gal\/wp-json\/wp\/v2\/pages"}],"about":[{"href":"https:\/\/hastalavista.es\/gal\/wp-json\/wp\/v2\/types\/page"}],"author":[{"embeddable":true,"href":"https:\/\/hastalavista.es\/gal\/wp-json\/wp\/v2\/users\/1"}],"replies":[{"embeddable":true,"href":"https:\/\/hastalavista.es\/gal\/wp-json\/wp\/v2\/comments?post=5414"}],"version-history":[{"count":5,"href":"https:\/\/hastalavista.es\/gal\/wp-json\/wp\/v2\/pages\/5414\/revisions"}],"predecessor-version":[{"id":6052,"href":"https:\/\/hastalavista.es\/gal\/wp-json\/wp\/v2\/pages\/5414\/revisions\/6052"}],"up":[{"embeddable":true,"href":"https:\/\/hastalavista.es\/gal\/wp-json\/wp\/v2\/pages\/122"}],"wp:attachment":[{"href":"https:\/\/hastalavista.es\/gal\/wp-json\/wp\/v2\/media?parent=5414"}],"curies":[{"name":"wp","href":"https:\/\/api.w.org\/{rel}","templated":true}]}}